{"id":81,"date":"2026-03-24T12:01:01","date_gmt":"2026-03-24T12:01:01","guid":{"rendered":"https:\/\/demodafuerteventura.es\/?page_id=81"},"modified":"2026-04-20T07:17:47","modified_gmt":"2026-04-20T07:17:47","slug":"inicio","status":"publish","type":"page","link":"https:\/\/demodafuerteventura.es\/","title":{"rendered":"De Moda Fuerteventura"},"content":{"rendered":"<p>[et_pb_section fb_built=\u00bb1&#8243; admin_label=\u00bbHeader\u00bb module_id=\u00bbinicio\u00bb _builder_version=\u00bb4.27.6&#8243; background_enable_color=\u00bboff\u00bb global_colors_info=\u00bb{}\u00bb][et_pb_row column_structure=\u00bb3_5,2_5&#8243; _builder_version=\u00bb4.27.6&#8243; width=\u00bb100%\u00bb max_width=\u00bb2560px\u00bb global_colors_info=\u00bb{}\u00bb][et_pb_column type=\u00bb3_5&#8243; _builder_version=\u00bb4.16&#8243; z_index=\u00bb12&#8243; custom_padding=\u00bb100px||||false|false\u00bb custom_padding_tablet=\u00bb0px||||false|false\u00bb custom_padding_phone=\u00bb\u00bb custom_padding_last_edited=\u00bbon|tablet\u00bb global_colors_info=\u00bb{}\u00bb][et_pb_text _builder_version=\u00bb4.27.6&#8243; text_font=\u00bbRubik|300|||||||\u00bb text_text_color=\u00bb#2a2a2a\u00bb text_font_size=\u00bb24px\u00bb text_line_height=\u00bb1.4em\u00bb header_font=\u00bbRubik|700||on|||||\u00bb header_font_size=\u00bb80px\u00bb header_letter_spacing=\u00bb0.1em\u00bb header_line_height=\u00bb1.1em\u00bb header_2_font_size=\u00bb96px\u00bb header_3_font_size=\u00bb96px\u00bb header_4_font_size=\u00bb96px\u00bb header_5_font_size=\u00bb96px\u00bb header_6_font_size=\u00bb96px\u00bb text_orientation=\u00bbright\u00bb text_font_size_tablet=\u00bb\u00bb text_font_size_phone=\u00bb20px\u00bb text_font_size_last_edited=\u00bbon|desktop\u00bb header_text_align_tablet=\u00bbcenter\u00bb header_text_align_phone=\u00bbcenter\u00bb header_text_align_last_edited=\u00bbon|phone\u00bb header_font_size_tablet=\u00bb56px\u00bb header_font_size_phone=\u00bb30px\u00bb header_font_size_last_edited=\u00bbon|phone\u00bb header_2_font_size_tablet=\u00bb56px\u00bb header_2_font_size_phone=\u00bb30px\u00bb header_2_font_size_last_edited=\u00bbon|phone\u00bb header_3_font_size_tablet=\u00bb56px\u00bb header_3_font_size_phone=\u00bb30px\u00bb header_3_font_size_last_edited=\u00bbon|phone\u00bb header_4_font_size_tablet=\u00bb56px\u00bb header_4_font_size_phone=\u00bb30px\u00bb header_4_font_size_last_edited=\u00bbon|phone\u00bb header_5_font_size_tablet=\u00bb56px\u00bb header_5_font_size_phone=\u00bb30px\u00bb header_5_font_size_last_edited=\u00bbon|phone\u00bb header_6_font_size_tablet=\u00bb56px\u00bb header_6_font_size_phone=\u00bb30px\u00bb header_6_font_size_last_edited=\u00bbon|phone\u00bb text_orientation_tablet=\u00bbleft\u00bb text_orientation_phone=\u00bbcenter\u00bb text_orientation_last_edited=\u00bbon|tablet\u00bb global_colors_info=\u00bb{}\u00bb]<\/p>\n<h1>De Moda Fuerteventura<\/h1>\n<p>Puerto del Rosario<\/p>\n<p>[\/et_pb_text][et_pb_button button_url=\u00bb\/#contacto\u00bb button_text=\u00bbEncu\u00e9ntranos\u00bb button_alignment=\u00bbright\u00bb button_alignment_tablet=\u00bbleft\u00bb button_alignment_phone=\u00bbcenter\u00bb button_alignment_last_edited=\u00bbon|tablet\u00bb _builder_version=\u00bb4.27.6&#8243; custom_button=\u00bbon\u00bb button_text_size=\u00bb12px\u00bb button_text_color=\u00bb#2a2a2a\u00bb button_bg_color=\u00bbrgba(0,0,0,0)\u00bb button_border_color=\u00bb#2a2a2a\u00bb button_border_radius=\u00bb0px\u00bb button_letter_spacing=\u00bb4px\u00bb button_font=\u00bbRubik|700||on|||||\u00bb button_icon=\u00bb&#x35;||divi||400&#8243; button_icon_color=\u00bb#2a2a2a\u00bb custom_margin=\u00bb30px||||false|false\u00bb custom_padding=\u00bb16px|40px|16px|40px|true|true\u00bb global_colors_info=\u00bb{}\u00bb][\/et_pb_button][\/et_pb_column][et_pb_column type=\u00bb2_5&#8243; _builder_version=\u00bb4.16&#8243; global_colors_info=\u00bb{}\u00bb][et_pb_video src=\u00bbhttps:\/\/demodafuerteventura.es\/wp-content\/uploads\/2026\/03\/moda-local-bkg.mp4&#8243; module_class=\u00bbvideo-sin-controles\u00bb _builder_version=\u00bb4.27.6&#8243; _module_preset=\u00bbdefault\u00bb global_colors_info=\u00bb{}\u00bb][\/et_pb_video][\/et_pb_column][\/et_pb_row][\/et_pb_section][et_pb_section fb_built=\u00bb1&#8243; make_equal=\u00bbon\u00bb specialty=\u00bbon\u00bb background_color_1=\u00bb#047F8C\u00bb padding_top_1=\u00bb30px\u00bb padding_top_2=\u00bb60px\u00bb padding_right_1=\u00bb30px\u00bb padding_bottom_1=\u00bb30px\u00bb padding_left_1=\u00bb30px\u00bb padding_top_bottom_link_1=\u00bbtrue\u00bb padding_top_bottom_link_2=\u00bbfalse\u00bb padding_left_right_link_1=\u00bbtrue\u00bb padding_left_right_link_2=\u00bbfalse\u00bb padding_2_tablet=\u00bb0px||||false|false\u00bb padding_2_phone=\u00bb\u00bb padding_2_last_edited=\u00bbon|tablet\u00bb custom_css_main_1=\u00bbborder-radius: 0 0 0 120px; \u00bb admin_label=\u00bbServices\u00bb _builder_version=\u00bb4.27.6&#8243; custom_padding=\u00bb0px|||||\u00bb global_colors_info=\u00bb{}\u00bb][et_pb_column type=\u00bb1_3&#8243; _builder_version=\u00bb4.16&#8243; custom_padding=\u00bb|||\u00bb global_colors_info=\u00bb{}\u00bb custom_padding__hover=\u00bb|||\u00bb][et_pb_text _builder_version=\u00bb4.16&#8243; header_2_font=\u00bbRubik|700||on|||||\u00bb header_2_font_size=\u00bb40px\u00bb header_2_line_height=\u00bb1.2em\u00bb positioning=\u00bbabsolute\u00bb position_origin_a=\u00bbcenter_left\u00bb position_origin_a_tablet=\u00bb\u00bb position_origin_a_phone=\u00bb\u00bb position_origin_a_last_edited=\u00bbon|tablet\u00bb position_origin_f_tablet=\u00bb\u00bb position_origin_f_phone=\u00bb\u00bb position_origin_f_last_edited=\u00bbon|tablet\u00bb position_origin_r_tablet=\u00bb\u00bb position_origin_r_phone=\u00bb\u00bb position_origin_r_last_edited=\u00bbon|tablet\u00bb background_layout=\u00bbdark\u00bb custom_margin=\u00bb|40px||40px|false|true\u00bb header_2_font_size_tablet=\u00bb\u00bb header_2_font_size_phone=\u00bb30px\u00bb header_2_font_size_last_edited=\u00bbon|desktop\u00bb positioning_tablet=\u00bbrelative\u00bb positioning_phone=\u00bb\u00bb positioning_last_edited=\u00bbon|tablet\u00bb locked=\u00bboff\u00bb global_colors_info=\u00bb{}\u00bb header_2_2_font_size_phone=\u00bb30px\u00bb header_3_2_font_size_phone=\u00bb30px\u00bb header_4_2_font_size_phone=\u00bb30px\u00bb header_5_2_font_size_phone=\u00bb30px\u00bb header_6_2_font_size_phone=\u00bb30px\u00bb header_2_2_font_size_last_edited=\u00bbon|desktop\u00bb header_3_2_font_size_last_edited=\u00bbon|desktop\u00bb header_4_2_font_size_last_edited=\u00bbon|desktop\u00bb header_5_2_font_size_last_edited=\u00bbon|desktop\u00bb header_6_2_font_size_last_edited=\u00bbon|desktop\u00bb]<\/p>\n<h2>Nuestros<br \/>Servicios<\/h2>\n<p>[\/et_pb_text][\/et_pb_column][et_pb_column type=\u00bb2_3&#8243; specialty_columns=\u00bb2&#8243; _builder_version=\u00bb4.16&#8243; custom_padding=\u00bb|||\u00bb global_colors_info=\u00bb{}\u00bb custom_padding__hover=\u00bb|||\u00bb][et_pb_row_inner column_structure=\u00bb1_3,1_3,1_3&#8243; use_custom_gutter=\u00bbon\u00bb gutter_width=\u00bb2&#8243; _builder_version=\u00bb4.16&#8243; global_colors_info=\u00bb{}\u00bb][et_pb_column_inner type=\u00bb1_3&#8243; saved_specialty_column_type=\u00bb2_3&#8243; _builder_version=\u00bb4.16&#8243; global_colors_info=\u00bb{}\u00bb][et_pb_blurb title=\u00bbModa Local\u00bb image=\u00bbhttps:\/\/demodafuerteventura.es\/wp-content\/uploads\/2026\/03\/ICO-CAMISETA.png\u00bb alt=\u00bbICO CAMISETA\u00bb _builder_version=\u00bb4.27.6&#8243; header_level=\u00bbh3&#8243; header_font=\u00bbRubik|500|||||||\u00bb header_text_color=\u00bb#047F8C\u00bb header_font_size=\u00bb18px\u00bb header_line_height=\u00bb1.8em\u00bb body_text_color=\u00bb#047F8C\u00bb body_line_height=\u00bb1.8em\u00bb text_orientation=\u00bbcenter\u00bb animation=\u00bboff\u00bb ab_goal=\u00bbon\u00bb locked=\u00bboff\u00bb global_colors_info=\u00bb{}\u00bb]<\/p>\n<p><span data-path-to-node=\"7,0,1,0\"><span class=\"citation-90\">Fomento del comercio de proximidad, prendas con alma y consumo consciente<\/span><\/span><span data-path-to-node=\"7,0,1,1\"><span class=\"citation-90 citation-end-90\"><source-footnote ng-version=\"0.0.0-PLACEHOLDER\" _nghost-ng-c2874455147=\"\"><sup _ngcontent-ng-c2874455147=\"\" class=\"superscript\" data-turn-source-index=\"10\"><\/sup><\/source-footnote><\/span><\/span><span data-path-to-node=\"7,0,1,2\">.<\/span><\/p>\n<p>[\/et_pb_blurb][et_pb_button button_url=\u00bb\/#moda-local\u00bb button_text=\u00bbVer M\u00e1s\u00bb button_alignment=\u00bbcenter\u00bb button_alignment_tablet=\u00bbleft\u00bb button_alignment_last_edited=\u00bboff|tablet\u00bb _builder_version=\u00bb4.27.6&#8243; custom_button=\u00bbon\u00bb button_text_size=\u00bb12px\u00bb button_text_color=\u00bb#F2F2F2&#8243; button_bg_color=\u00bb#045d67&#8243; button_border_width=\u00bb0px\u00bb button_border_radius=\u00bb30px\u00bb button_letter_spacing=\u00bb4px\u00bb button_font=\u00bbRubik|700||on|||||\u00bb button_icon=\u00bb&#x35;||divi||400&#8243; button_icon_color=\u00bb#2a2a2a\u00bb custom_margin=\u00bb30px||||false|false\u00bb locked=\u00bboff\u00bb global_colors_info=\u00bb{}\u00bb][\/et_pb_button][\/et_pb_column_inner][et_pb_column_inner type=\u00bb1_3&#8243; saved_specialty_column_type=\u00bb2_3&#8243; _builder_version=\u00bb4.16&#8243; global_colors_info=\u00bb{}\u00bb][et_pb_blurb title=\u00bbAtenci\u00f3n Personalizada\u00bb image=\u00bbhttps:\/\/demodafuerteventura.es\/wp-content\/uploads\/2026\/03\/ICO-ABRIGO.png\u00bb alt=\u00bbICO ABRIGO\u00bb _builder_version=\u00bb4.27.6&#8243; header_level=\u00bbh3&#8243; header_font=\u00bbRubik|500|||||||\u00bb header_text_color=\u00bb#047F8C\u00bb header_font_size=\u00bb18px\u00bb header_line_height=\u00bb1.8em\u00bb body_text_color=\u00bb#047F8C\u00bb body_line_height=\u00bb1.8em\u00bb text_orientation=\u00bbcenter\u00bb animation=\u00bboff\u00bb locked=\u00bboff\u00bb global_colors_info=\u00bb{}\u00bb]<\/p>\n<p><span data-path-to-node=\"7,1,1,0\"><span class=\"citation-164\">Trato humano, c\u00e1lido y asesoramiento directo para que la cliente se sienta como en casa<\/span><\/span><span data-path-to-node=\"7,1,1,1\"><span class=\"citation-164 citation-end-164\"><source-footnote ng-version=\"0.0.0-PLACEHOLDER\" _nghost-ng-c2874455147=\"\"><sup _ngcontent-ng-c2874455147=\"\" class=\"superscript\" data-turn-source-index=\"11\"><\/sup><\/source-footnote><\/span><\/span><span data-path-to-node=\"7,1,1,2\">.<\/span><\/p>\n<p>[\/et_pb_blurb][et_pb_button button_url=\u00bb\/#atencion-personalizada\u00bb button_text=\u00bbVer M\u00e1s\u00bb button_alignment=\u00bbcenter\u00bb button_alignment_tablet=\u00bbleft\u00bb button_alignment_last_edited=\u00bboff|tablet\u00bb _builder_version=\u00bb4.27.6&#8243; custom_button=\u00bbon\u00bb button_text_size=\u00bb12px\u00bb button_text_color=\u00bb#ffffff\u00bb button_bg_color=\u00bb#045d67&#8243; button_border_width=\u00bb0px\u00bb button_border_radius=\u00bb30px\u00bb button_letter_spacing=\u00bb4px\u00bb button_font=\u00bbRubik|700||on|||||\u00bb button_icon=\u00bb&#x35;||divi||400&#8243; button_icon_color=\u00bb#2a2a2a\u00bb custom_margin=\u00bb30px||||false|false\u00bb locked=\u00bboff\u00bb global_colors_info=\u00bb{}\u00bb][\/et_pb_button][\/et_pb_column_inner][et_pb_column_inner type=\u00bb1_3&#8243; saved_specialty_column_type=\u00bb2_3&#8243; _builder_version=\u00bb4.16&#8243; global_colors_info=\u00bb{}\u00bb][et_pb_blurb title=\u00bbTodas las Tallas\u00bb image=\u00bbhttps:\/\/demodafuerteventura.es\/wp-content\/uploads\/2026\/03\/PANTALON-ICO-1.png\u00bb alt=\u00bbPANTALON ICO\u00bb _builder_version=\u00bb4.27.6&#8243; header_level=\u00bbh3&#8243; header_font=\u00bbRubik|500|||||||\u00bb header_text_color=\u00bb#047F8C\u00bb header_font_size=\u00bb18px\u00bb header_line_height=\u00bb1.8em\u00bb body_text_color=\u00bb#047F8C\u00bb body_line_height=\u00bb1.8em\u00bb text_orientation=\u00bbcenter\u00bb animation=\u00bboff\u00bb locked=\u00bboff\u00bb global_colors_info=\u00bb{}\u00bb]<\/p>\n<p><span data-path-to-node=\"7,2,1,0\"><span class=\"citation-163\">Moda inclusiva y real, ofreciendo tallaje hasta la 60 porque la ropa debe adaptarse al cuerpo<\/span><\/span><span data-path-to-node=\"7,2,1,1\"><span class=\"citation-163 citation-end-163\"><source-footnote ng-version=\"0.0.0-PLACEHOLDER\" _nghost-ng-c2874455147=\"\"><sup _ngcontent-ng-c2874455147=\"\" class=\"superscript\" data-turn-source-index=\"12\"><\/sup><\/source-footnote><source-footnote ng-version=\"0.0.0-PLACEHOLDER\" _nghost-ng-c2874455147=\"\"><sup _ngcontent-ng-c2874455147=\"\" class=\"superscript\" data-turn-source-index=\"12\"><\/sup><\/source-footnote><source-footnote ng-version=\"0.0.0-PLACEHOLDER\" _nghost-ng-c2874455147=\"\"><sup _ngcontent-ng-c2874455147=\"\" class=\"superscript\" data-turn-source-index=\"12\"><\/sup><\/source-footnote><source-footnote ng-version=\"0.0.0-PLACEHOLDER\" _nghost-ng-c2874455147=\"\"><sup _ngcontent-ng-c2874455147=\"\" class=\"superscript\" data-turn-source-index=\"12\"><\/sup><\/source-footnote><\/span><\/span><span data-path-to-node=\"7,2,1,2\">.<\/span><\/p>\n<p>[\/et_pb_blurb][et_pb_button button_url=\u00bb\/#todas-las-tallas\u00bb button_text=\u00bbVer M\u00e1s\u00bb button_alignment=\u00bbcenter\u00bb button_alignment_tablet=\u00bbleft\u00bb button_alignment_last_edited=\u00bboff|tablet\u00bb _builder_version=\u00bb4.27.6&#8243; custom_button=\u00bbon\u00bb button_text_size=\u00bb12px\u00bb button_text_color=\u00bb#FFFFFF\u00bb button_bg_color=\u00bb#045d67&#8243; button_border_width=\u00bb0px\u00bb button_border_radius=\u00bb30px\u00bb button_letter_spacing=\u00bb4px\u00bb button_font=\u00bbRubik|700||on|||||\u00bb button_icon=\u00bb&#x35;||divi||400&#8243; button_icon_color=\u00bb#2a2a2a\u00bb custom_margin=\u00bb30px||||false|false\u00bb locked=\u00bboff\u00bb global_colors_info=\u00bb{}\u00bb][\/et_pb_button][\/et_pb_column_inner][\/et_pb_row_inner][\/et_pb_column][\/et_pb_section][et_pb_section fb_built=\u00bb1&#8243; module_id=\u00bbnovedades\u00bb _builder_version=\u00bb4.27.6&#8243; _module_preset=\u00bbdefault\u00bb background_color=\u00bb#047F8C\u00bb link_option_url=\u00bb\/#novedades\u00bb global_colors_info=\u00bb{}\u00bb][et_pb_row _builder_version=\u00bb4.27.6&#8243; _module_preset=\u00bbdefault\u00bb background_color=\u00bb#047F8C\u00bb ab_subject=\u00bbon\u00bb ab_subject_id=\u00bb1&#8243; global_colors_info=\u00bb{}\u00bb][et_pb_column type=\u00bb4_4&#8243; _builder_version=\u00bb4.27.6&#8243; _module_preset=\u00bbdefault\u00bb global_colors_info=\u00bb{}\u00bb][et_pb_slider _builder_version=\u00bb4.27.6&#8243; _module_preset=\u00bbdefault\u00bb background_color=\u00bb#047F8C\u00bb animation_style=\u00bbzoom\u00bb auto=\u00bbon\u00bb global_colors_info=\u00bb{}\u00bb][et_pb_slide _builder_version=\u00bb4.27.6&#8243; _module_preset=\u00bbdefault\u00bb global_colors_info=\u00bb{}\u00bb sticky_transition=\u00bbon\u00bb]<\/p>\n<p><img decoding=\"async\" src=\"https:\/\/demodafuerteventura.es\/wp-content\/uploads\/2026\/03\/img1.jpeg\" \/><\/p>\n<p>[\/et_pb_slide][et_pb_slide _builder_version=\u00bb4.27.6&#8243; _module_preset=\u00bbdefault\u00bb global_colors_info=\u00bb{}\u00bb sticky_transition=\u00bbon\u00bb]<\/p>\n<p><img decoding=\"async\" src=\"https:\/\/demodafuerteventura.es\/wp-content\/uploads\/2026\/03\/img4.jpg\" \/><\/p>\n<p>[\/et_pb_slide][et_pb_slide _builder_version=\u00bb4.27.6&#8243; _module_preset=\u00bbdefault\u00bb box_shadow_style_image=\u00bbpreset5&#8243; global_colors_info=\u00bb{}\u00bb sticky_transition=\u00bbon\u00bb]<\/p>\n<p><img decoding=\"async\" src=\"https:\/\/demodafuerteventura.es\/wp-content\/uploads\/2026\/03\/img3.jpeg\" \/><\/p>\n<p>[\/et_pb_slide][\/et_pb_slider][\/et_pb_column][\/et_pb_row][et_pb_row _builder_version=\u00bb4.27.6&#8243; _module_preset=\u00bbdefault\u00bb ab_subject=\u00bbon\u00bb ab_subject_id=\u00bb2&#8243; global_colors_info=\u00bb{}\u00bb][et_pb_column type=\u00bb4_4&#8243; _builder_version=\u00bb4.27.6&#8243; _module_preset=\u00bbdefault\u00bb global_colors_info=\u00bb{}\u00bb][et_pb_slider _builder_version=\u00bb4.27.6&#8243; _module_preset=\u00bbdefault\u00bb global_colors_info=\u00bb{}\u00bb][et_pb_slide heading=\u00bbSu t\u00edtulo va aqu\u00ed\u00bb button_text=\u00bbClics\u00bb image=\u00bbhttps:\/\/demodafuerteventura.es\/wp-content\/uploads\/2026\/03\/img1.jpeg\u00bb _builder_version=\u00bb4.27.6&#8243; _module_preset=\u00bbdefault\u00bb global_colors_info=\u00bb{}\u00bb sticky_transition=\u00bbon\u00bb]<\/p>\n<p>Your content goes here. Edit or remove this text inline or in the module Content settings. You can also style every aspect of this content in the module Design settings and even apply custom CSS to this text in the module Advanced settings.<\/p>\n<p>[\/et_pb_slide][et_pb_slide heading=\u00bbSu t\u00edtulo va aqu\u00ed\u00bb button_text=\u00bbClics\u00bb image=\u00bbhttps:\/\/demodafuerteventura.es\/wp-content\/uploads\/2026\/03\/img2.jpeg\u00bb _builder_version=\u00bb4.27.6&#8243; _module_preset=\u00bbdefault\u00bb global_colors_info=\u00bb{}\u00bb sticky_transition=\u00bbon\u00bb]<\/p>\n<p>Your content goes here. Edit or remove this text inline or in the module Content settings. You can also style every aspect of this content in the module Design settings and even apply custom CSS to this text in the module Advanced settings.<\/p>\n<p>[\/et_pb_slide][et_pb_slide heading=\u00bbSu t\u00edtulo va aqu\u00ed\u00bb button_text=\u00bbClics\u00bb image=\u00bbhttps:\/\/demodafuerteventura.es\/wp-content\/uploads\/2026\/03\/img3.jpeg\u00bb _builder_version=\u00bb4.27.6&#8243; _module_preset=\u00bbdefault\u00bb global_colors_info=\u00bb{}\u00bb sticky_transition=\u00bbon\u00bb]<\/p>\n<p>Your content goes here. Edit or remove this text inline or in the module Content settings. You can also style every aspect of this content in the module Design settings and even apply custom CSS to this text in the module Advanced settings.<\/p>\n<p>[\/et_pb_slide][\/et_pb_slider][\/et_pb_column][\/et_pb_row][\/et_pb_section][et_pb_section fb_built=\u00bb1&#8243; admin_label=\u00bbCTA\u00bb _builder_version=\u00bb4.27.6&#8243; background_enable_image=\u00bboff\u00bb background_size=\u00bbinitial\u00bb background_position=\u00bbcenter_left\u00bb global_colors_info=\u00bb{}\u00bb][et_pb_row column_structure=\u00bb3_5,2_5&#8243; make_equal=\u00bbon\u00bb _builder_version=\u00bb4.27.6&#8243; use_background_color_gradient=\u00bbon\u00bb background_color_gradient_direction=\u00bb90deg\u00bb background_color_gradient_stops=\u00bbrgba(0,0,0,0) 40%|#d91e2e 40%\u00bb background_color_gradient_start=\u00bbrgba(0,0,0,0)\u00bb background_color_gradient_start_position=\u00bb40%\u00bb background_color_gradient_end=\u00bb#fff4ef\u00bb background_color_gradient_end_position=\u00bb0%\u00bb background_last_edited=\u00bbon|tablet\u00bb global_colors_info=\u00bb{}\u00bb][et_pb_column type=\u00bb3_5&#8243; _builder_version=\u00bb4.16&#8243; global_colors_info=\u00bb{}\u00bb][et_pb_image src=\u00bbhttps:\/\/demodafuerteventura.es\/wp-content\/uploads\/2026\/03\/mov-logo.png\u00bb alt=\u00bbmov logo\u00bb title_text=\u00bbmov logo\u00bb _builder_version=\u00bb4.27.6&#8243; background_enable_image=\u00bboff\u00bb background_size=\u00bbcontain\u00bb custom_margin=\u00bb||||false|false\u00bb scroll_rotating_enable=\u00bbon\u00bb scroll_rotating=\u00bb0|50|50|100|10\u00b0|0|-10\u00b0\u00bb global_colors_info=\u00bb{}\u00bb][\/et_pb_image][\/et_pb_column][et_pb_column type=\u00bb2_5&#8243; _builder_version=\u00bb4.16&#8243; custom_padding=\u00bb50px|40px|30px||false|false\u00bb global_colors_info=\u00bb{}\u00bb][et_pb_text disabled_on=\u00bbon|on|off\u00bb _builder_version=\u00bb4.27.6&#8243; text_font=\u00bbRubik|300|||||||\u00bb text_text_color=\u00bb#2a2a2a\u00bb text_font_size=\u00bb24px\u00bb text_line_height=\u00bb1.4em\u00bb header_font=\u00bbRubik|700||on|||||\u00bb header_text_color=\u00bb#FFFFFF\u00bb header_font_size=\u00bb72px\u00bb header_letter_spacing=\u00bb0.1em\u00bb header_line_height=\u00bb1.1em\u00bb text_orientation=\u00bbcenter\u00bb text_font_size_tablet=\u00bb\u00bb text_font_size_phone=\u00bb20px\u00bb text_font_size_last_edited=\u00bbon|desktop\u00bb header_font_size_tablet=\u00bb56px\u00bb header_font_size_phone=\u00bb40px\u00bb header_font_size_last_edited=\u00bbon|phone\u00bb text_orientation_tablet=\u00bbleft\u00bb text_orientation_last_edited=\u00bboff|desktop\u00bb locked=\u00bboff\u00bb global_colors_info=\u00bb{}\u00bb]<\/p>\n<h1>Ven a vernos<\/h1>\n<p>[\/et_pb_text][et_pb_button button_url=\u00bb\/#contacto\u00bb button_text=\u00bbCONTACTO\u00bb button_alignment=\u00bbcenter\u00bb button_alignment_tablet=\u00bbleft\u00bb button_alignment_last_edited=\u00bboff|tablet\u00bb disabled_on=\u00bbon|on|off\u00bb _builder_version=\u00bb4.27.6&#8243; custom_button=\u00bbon\u00bb button_text_size=\u00bb18px\u00bb button_text_color=\u00bb#FFFFFF\u00bb button_bg_color=\u00bbrgba(0,0,0,0)\u00bb button_border_color=\u00bb#FFFFFF\u00bb button_border_radius=\u00bb0px\u00bb button_letter_spacing=\u00bb4px\u00bb button_font=\u00bbRubik|700||on|||||\u00bb button_icon=\u00bb&#x35;||divi||400&#8243; button_icon_color=\u00bb#2a2a2a\u00bb background_layout=\u00bbdark\u00bb custom_margin=\u00bb30px||||false|false\u00bb custom_padding=\u00bb16px|40px|16px|40px|true|true\u00bb locked=\u00bboff\u00bb global_colors_info=\u00bb{}\u00bb][\/et_pb_button][\/et_pb_column][\/et_pb_row][\/et_pb_section][et_pb_section fb_built=\u00bb1&#8243; disabled_on=\u00bboff|off|off\u00bb admin_label=\u00bbSpecial Offer\u00bb module_id=\u00bbsobre-nosotras\u00bb _builder_version=\u00bb4.27.6&#8243; use_background_color_gradient=\u00bbon\u00bb background_color_gradient_direction=\u00bb90deg\u00bb background_color_gradient_stops=\u00bb#ffffff 90%|#f27405 90%\u00bb background_enable_image=\u00bboff\u00bb background_size=\u00bbinitial\u00bb custom_padding=\u00bb||0px|||\u00bb background_last_edited=\u00bbon|tablet\u00bb use_background_color_gradient_tablet=\u00bboff\u00bb global_colors_info=\u00bb{}\u00bb][et_pb_row _builder_version=\u00bb4.16&#8243; global_colors_info=\u00bb{}\u00bb][et_pb_column type=\u00bb4_4&#8243; _builder_version=\u00bb4.16&#8243; global_colors_info=\u00bb{}\u00bb][et_pb_text _builder_version=\u00bb4.27.6&#8243; header_2_font=\u00bbRubik|700||on|||||\u00bb header_2_font_size=\u00bb48px\u00bb header_2_line_height=\u00bb1.2em\u00bb text_orientation=\u00bbcenter\u00bb header_2_font_size_tablet=\u00bb\u00bb header_2_font_size_phone=\u00bb30px\u00bb header_2_font_size_last_edited=\u00bbon|desktop\u00bb locked=\u00bboff\u00bb global_colors_info=\u00bb{}\u00bb]<\/p>\n<h2>Sobre Nosotras<\/h2>\n<p>[\/et_pb_text][\/et_pb_column][\/et_pb_row][et_pb_row _builder_version=\u00bb4.27.6&#8243; _module_preset=\u00bbdefault\u00bb global_colors_info=\u00bb{}\u00bb][et_pb_column type=\u00bb4_4&#8243; _builder_version=\u00bb4.27.6&#8243; _module_preset=\u00bbdefault\u00bb global_colors_info=\u00bb{}\u00bb][et_pb_text _builder_version=\u00bb4.27.6&#8243; text_text_color=\u00bbrgba(0,0,0,0.44)\u00bb text_font_size=\u00bb18px\u00bb text_line_height=\u00bb1.8em\u00bb header_4_font=\u00bbRubik|500|||||||\u00bb header_4_font_size=\u00bb16px\u00bb header_4_line_height=\u00bb1.8em\u00bb custom_margin=\u00bb||16px||false|false\u00bb locked=\u00bboff\u00bb global_colors_info=\u00bb{}\u00bb]<\/p>\n<p>La Tienda de Moda, especializada en todo tipo de tallas hasta la sesenta, lleva m\u00e1s de 20 a\u00f1os resistiendo en la capital de la isla de Fuerteventura ofreciendo ropa con un servicio personalizado y cercano.<\/p>\n<p>[\/et_pb_text][et_pb_text _builder_version=\u00bb4.27.6&#8243; text_text_color=\u00bbrgba(0,0,0,0.44)\u00bb text_font_size=\u00bb18px\u00bb text_line_height=\u00bb1.8em\u00bb header_4_font=\u00bbRubik|500|||||||\u00bb header_4_font_size=\u00bb16px\u00bb header_4_line_height=\u00bb1.8em\u00bb custom_margin=\u00bb||16px||false|false\u00bb locked=\u00bboff\u00bb global_colors_info=\u00bb{}\u00bb]<\/p>\n<p>Desde el a\u00f1o 2002, somos tu comercio local de confianza en Puerto del Rosario, resistiendo y apostando cada d\u00eda por ofrecerte el trato cercano que mereces. Nos apasiona acercarte una moda en tendencia, actual y muy bonita, con el firme compromiso de vestir a todos los cuerpos: por eso, en nuestro espacio siempre encontrar\u00e1s todas las tallas.<\/p>\n<p>[\/et_pb_text][et_pb_text _builder_version=\u00bb4.27.6&#8243; text_text_color=\u00bbrgba(0,0,0,0.44)\u00bb text_font_size=\u00bb18px\u00bb text_line_height=\u00bb1.8em\u00bb header_4_font=\u00bbRubik|500|||||||\u00bb header_4_font_size=\u00bb16px\u00bb header_4_line_height=\u00bb1.8em\u00bb custom_margin=\u00bb||16px||false|false\u00bb locked=\u00bboff\u00bb global_colors_info=\u00bb{}\u00bb]<\/p>\n<p>Contamos con ropa de todo tipo para acompa\u00f1arte en cualquier momento de tu vida; desde tus looks del d\u00eda a d\u00eda y ropa interior, hasta el vestido de novia de tus sue\u00f1os. Creemos en una moda inclusiva, real y de<br \/>proximidad que te haga sentir especial.<\/p>\n<p>[\/et_pb_text][\/et_pb_column][\/et_pb_row][\/et_pb_section][et_pb_section fb_built=\u00bb1&#8243; disabled_on=\u00bboff|off|off\u00bb admin_label=\u00bbSpecial Offer\u00bb _builder_version=\u00bb4.27.6&#8243; use_background_color_gradient=\u00bbon\u00bb background_color_gradient_direction=\u00bb90deg\u00bb background_color_gradient_stops=\u00bb#ffffff 90%|#f27405 90%\u00bb background_enable_image=\u00bboff\u00bb background_size=\u00bbinitial\u00bb custom_padding=\u00bb||0px|||\u00bb background_last_edited=\u00bbon|desktop\u00bb use_background_color_gradient_tablet=\u00bboff\u00bb global_colors_info=\u00bb{}\u00bb][et_pb_row custom_padding_last_edited=\u00bbon|phone\u00bb _builder_version=\u00bb4.16&#8243; background_color=\u00bb#000000&#8243; max_width=\u00bb540px\u00bb custom_padding=\u00bb100px|60px||60px|false|true\u00bb custom_padding_tablet=\u00bb60px|40px||40px|false|true\u00bb custom_padding_phone=\u00bb40px|20px||20px|false|true\u00bb global_colors_info=\u00bb{}\u00bb][et_pb_column type=\u00bb4_4&#8243; _builder_version=\u00bb4.16&#8243; global_colors_info=\u00bb{}\u00bb][et_pb_text _builder_version=\u00bb4.27.6&#8243; header_2_font=\u00bbRubik|700||on|||||\u00bb header_2_font_size=\u00bb35px\u00bb header_2_line_height=\u00bb1.2em\u00bb text_orientation=\u00bbcenter\u00bb background_layout=\u00bbdark\u00bb header_2_font_size_tablet=\u00bb40px\u00bb header_2_font_size_phone=\u00bb24px\u00bb header_2_font_size_last_edited=\u00bbon|phone\u00bb global_colors_info=\u00bb{}\u00bb]<\/p>\n<h2>\u00bfQu\u00e9 encontrar\u00e1s en nuestra tienda?<\/h2>\n<p>[\/et_pb_text][\/et_pb_column][\/et_pb_row][et_pb_row custom_padding_last_edited=\u00bbon|tablet\u00bb _builder_version=\u00bb4.27.6&#8243; background_color=\u00bb#000000&#8243; max_width=\u00bb540px\u00bb custom_padding=\u00bb10px|60px|10px|60px|true|true\u00bb custom_padding_tablet=\u00bb|40px||40px|true|true\u00bb custom_padding_phone=\u00bb|20px||20px|true|true\u00bb global_colors_info=\u00bb{}\u00bb][et_pb_column type=\u00bb4_4&#8243; _builder_version=\u00bb4.16&#8243; custom_css_main_element=\u00bbmargin-bottom: 10px; \u00bb global_colors_info=\u00bb{}\u00bb][et_pb_text _builder_version=\u00bb4.27.6&#8243; text_font=\u00bb|800|||||||\u00bb text_font_size=\u00bb22px\u00bb background_layout=\u00bbdark\u00bb text_font_size_tablet=\u00bb\u00bb text_font_size_phone=\u00bb18px\u00bb text_font_size_last_edited=\u00bbon|phone\u00bb text_orientation_tablet=\u00bbcenter\u00bb text_orientation_phone=\u00bb\u00bb text_orientation_last_edited=\u00bbon|tablet\u00bb global_colors_info=\u00bb{}\u00bb]<\/p>\n<p>Looks del d\u00eda a d\u00eda<\/p>\n<p>[\/et_pb_text][et_pb_text _builder_version=\u00bb4.27.6&#8243; text_font=\u00bb|300|on||||||\u00bb text_font_size=\u00bb23px\u00bb text_orientation=\u00bbright\u00bb background_layout=\u00bbdark\u00bb text_font_size_tablet=\u00bb\u00bb text_font_size_phone=\u00bb18px\u00bb text_font_size_last_edited=\u00bbon|phone\u00bb text_orientation_tablet=\u00bbcenter\u00bb text_orientation_phone=\u00bb\u00bb text_orientation_last_edited=\u00bbon|phone\u00bb locked=\u00bboff\u00bb global_colors_info=\u00bb{}\u00bb]<\/p>\n<p><span data-path-to-node=\"9,0,1,0\"><span class=\"citation-213\">Prendas c\u00f3modas y actuales para tu rutina diaria<\/span><\/span><span data-path-to-node=\"9,0,1,1\"><span class=\"citation-213 citation-end-213\"><source-footnote ng-version=\"0.0.0-PLACEHOLDER\" _nghost-ng-c1248933749=\"\"><sup _ngcontent-ng-c1248933749=\"\" class=\"superscript\" data-turn-source-index=\"8\"><\/sup><\/source-footnote><\/span><\/span><span data-path-to-node=\"9,0,1,2\">.<\/span><\/p>\n<p>[\/et_pb_text][\/et_pb_column][\/et_pb_row][et_pb_row custom_padding_last_edited=\u00bbon|tablet\u00bb _builder_version=\u00bb4.27.6&#8243; background_color=\u00bb#000000&#8243; max_width=\u00bb540px\u00bb custom_padding=\u00bb10px|60px|10px|60px|true|true\u00bb custom_padding_tablet=\u00bb|40px||40px|true|true\u00bb custom_padding_phone=\u00bb|20px||20px|true|true\u00bb global_colors_info=\u00bb{}\u00bb][et_pb_column type=\u00bb4_4&#8243; _builder_version=\u00bb4.16&#8243; custom_css_main_element=\u00bbmargin-bottom: 10px; \u00bb global_colors_info=\u00bb{}\u00bb][et_pb_text _builder_version=\u00bb4.27.6&#8243; text_font=\u00bb|800|||||||\u00bb text_font_size=\u00bb22px\u00bb background_layout=\u00bbdark\u00bb text_font_size_tablet=\u00bb\u00bb text_font_size_phone=\u00bb18px\u00bb text_font_size_last_edited=\u00bbon|phone\u00bb text_orientation_tablet=\u00bbcenter\u00bb text_orientation_phone=\u00bb\u00bb text_orientation_last_edited=\u00bbon|tablet\u00bb global_colors_info=\u00bb{}\u00bb]<\/p>\n<p>Ropa interior<\/p>\n<p>[\/et_pb_text][et_pb_text _builder_version=\u00bb4.27.6&#8243; text_font=\u00bb|300|on||||||\u00bb text_font_size=\u00bb23px\u00bb text_orientation=\u00bbright\u00bb background_layout=\u00bbdark\u00bb text_font_size_tablet=\u00bb\u00bb text_font_size_phone=\u00bb18px\u00bb text_font_size_last_edited=\u00bbon|phone\u00bb text_orientation_tablet=\u00bbcenter\u00bb text_orientation_phone=\u00bb\u00bb text_orientation_last_edited=\u00bbon|phone\u00bb locked=\u00bboff\u00bb global_colors_info=\u00bb{}\u00bb]<\/p>\n<p><span data-path-to-node=\"9,1,1,0\"><span class=\"citation-212\">Una colecci\u00f3n pensada para tu comodidad y bienestar<\/span><\/span><span data-path-to-node=\"9,1,1,1\"><span class=\"citation-212 citation-end-212\"><source-footnote ng-version=\"0.0.0-PLACEHOLDER\" _nghost-ng-c1248933749=\"\"><sup _ngcontent-ng-c1248933749=\"\" class=\"superscript\" data-turn-source-index=\"9\"><\/sup><\/source-footnote><\/span><\/span><span data-path-to-node=\"9,1,1,2\">.<\/span><\/p>\n<p>[\/et_pb_text][\/et_pb_column][\/et_pb_row][et_pb_row custom_padding_last_edited=\u00bbon|tablet\u00bb _builder_version=\u00bb4.27.6&#8243; background_color=\u00bb#000000&#8243; max_width=\u00bb540px\u00bb custom_padding=\u00bb10px|60px|10px|60px|true|true\u00bb custom_padding_tablet=\u00bb|40px||40px|true|true\u00bb custom_padding_phone=\u00bb|20px||20px|true|true\u00bb global_colors_info=\u00bb{}\u00bb][et_pb_column type=\u00bb4_4&#8243; _builder_version=\u00bb4.16&#8243; custom_css_main_element=\u00bbmargin-bottom: 10px; \u00bb global_colors_info=\u00bb{}\u00bb][et_pb_text _builder_version=\u00bb4.27.6&#8243; text_font=\u00bb|800|||||||\u00bb text_font_size=\u00bb22px\u00bb background_layout=\u00bbdark\u00bb text_font_size_tablet=\u00bb\u00bb text_font_size_phone=\u00bb18px\u00bb text_font_size_last_edited=\u00bbon|phone\u00bb text_orientation_tablet=\u00bbcenter\u00bb text_orientation_phone=\u00bb\u00bb text_orientation_last_edited=\u00bbon|tablet\u00bb global_colors_info=\u00bb{}\u00bb]<\/p>\n<p>Eventos especiales<\/p>\n<p>[\/et_pb_text][et_pb_text _builder_version=\u00bb4.27.6&#8243; text_font=\u00bb|300|on||||||\u00bb text_font_size=\u00bb23px\u00bb text_orientation=\u00bbright\u00bb background_layout=\u00bbdark\u00bb text_font_size_tablet=\u00bb\u00bb text_font_size_phone=\u00bb18px\u00bb text_font_size_last_edited=\u00bbon|phone\u00bb text_orientation_tablet=\u00bbcenter\u00bb text_orientation_phone=\u00bb\u00bb text_orientation_last_edited=\u00bbon|phone\u00bb locked=\u00bboff\u00bb global_colors_info=\u00bb{}\u00bb]<\/p>\n<p><span data-path-to-node=\"9,2,1,0\"><span class=\"citation-211\">Disponemos de opciones elegantes para celebraciones<\/span><\/span><span data-path-to-node=\"9,2,1,1\"><span class=\"citation-211 citation-end-211\"><source-footnote ng-version=\"0.0.0-PLACEHOLDER\" _nghost-ng-c1248933749=\"\"><sup _ngcontent-ng-c1248933749=\"\" class=\"superscript\" data-turn-source-index=\"10\"><\/sup><\/source-footnote><\/span><\/span><span data-path-to-node=\"9,2,1,2\">.<\/span><\/p>\n<p>[\/et_pb_text][\/et_pb_column][\/et_pb_row][et_pb_row custom_padding_last_edited=\u00bbon|tablet\u00bb _builder_version=\u00bb4.27.6&#8243; background_color=\u00bb#000000&#8243; max_width=\u00bb540px\u00bb custom_margin=\u00bb||0px||false|false\u00bb custom_padding=\u00bb10px|60px|100px|60px|false|true\u00bb custom_padding_tablet=\u00bb|40px||40px|true|true\u00bb custom_padding_phone=\u00bb|20px||20px|true|true\u00bb global_colors_info=\u00bb{}\u00bb][et_pb_column type=\u00bb4_4&#8243; _builder_version=\u00bb4.16&#8243; custom_css_main_element=\u00bbmargin-bottom: 10px; \u00bb global_colors_info=\u00bb{}\u00bb][et_pb_text _builder_version=\u00bb4.27.6&#8243; text_font=\u00bb|800|||||||\u00bb text_font_size=\u00bb22px\u00bb background_layout=\u00bbdark\u00bb text_font_size_tablet=\u00bb\u00bb text_font_size_phone=\u00bb18px\u00bb text_font_size_last_edited=\u00bbon|phone\u00bb text_orientation_tablet=\u00bbcenter\u00bb text_orientation_phone=\u00bb\u00bb text_orientation_last_edited=\u00bbon|tablet\u00bb global_colors_info=\u00bb{}\u00bb]<\/p>\n<p>Novias<\/p>\n<p>[\/et_pb_text][et_pb_text _builder_version=\u00bb4.27.6&#8243; text_font=\u00bb|300|on||||||\u00bb text_font_size=\u00bb23px\u00bb text_orientation=\u00bbright\u00bb background_layout=\u00bbdark\u00bb text_font_size_tablet=\u00bb\u00bb text_font_size_phone=\u00bb18px\u00bb text_font_size_last_edited=\u00bbon|phone\u00bb text_orientation_tablet=\u00bbcenter\u00bb text_orientation_phone=\u00bb\u00bb text_orientation_last_edited=\u00bbon|phone\u00bb locked=\u00bboff\u00bb global_colors_info=\u00bb{}\u00bb]<\/p>\n<p><span data-path-to-node=\"9,3,1,0\"><span class=\"citation-210 interactive-span-hovered\">Te ayudamos a encontrar el vestido de novia de tus sue\u00f1os<\/span><\/span><span data-path-to-node=\"9,3,1,1\"><span class=\"citation-210 citation-end-210 interactive-span-hovered\"><source-footnote ng-version=\"0.0.0-PLACEHOLDER\" _nghost-ng-c1248933749=\"\"><sup _ngcontent-ng-c1248933749=\"\" class=\"superscript\" data-turn-source-index=\"11\"><\/sup><\/source-footnote><\/span><\/span><span data-path-to-node=\"9,3,1,2\">.<\/span><\/p>\n<p>[\/et_pb_text][\/et_pb_column][\/et_pb_row][\/et_pb_section][et_pb_section fb_built=\u00bb1&#8243; admin_label=\u00bbOur Services\u00bb module_id=\u00bbservicios\u00bb _builder_version=\u00bb4.27.6&#8243; use_background_color_gradient=\u00bbon\u00bb background_color_gradient_direction=\u00bb90deg\u00bb background_color_gradient_stops=\u00bb#ffffff 90%|#047f8c 90%\u00bb background_enable_image=\u00bboff\u00bb background_size=\u00bbinitial\u00bb background_last_edited=\u00bbon|tablet\u00bb use_background_color_gradient_tablet=\u00bboff\u00bb global_colors_info=\u00bb{}\u00bb][et_pb_row _builder_version=\u00bb4.16&#8243; global_colors_info=\u00bb{}\u00bb][et_pb_column type=\u00bb4_4&#8243; _builder_version=\u00bb4.16&#8243; global_colors_info=\u00bb{}\u00bb][et_pb_text _builder_version=\u00bb4.27.6&#8243; header_2_font=\u00bbRubik|700||on|||||\u00bb header_2_font_size=\u00bb48px\u00bb header_2_line_height=\u00bb1.2em\u00bb text_orientation=\u00bbcenter\u00bb header_2_font_size_tablet=\u00bb\u00bb header_2_font_size_phone=\u00bb30px\u00bb header_2_font_size_last_edited=\u00bbon|desktop\u00bb locked=\u00bboff\u00bb global_colors_info=\u00bb{}\u00bb]<\/p>\n<h2>Nuestros Servicios<\/h2>\n<p>[\/et_pb_text][\/et_pb_column][\/et_pb_row][et_pb_row column_structure=\u00bb1_3,1_3,1_3&#8243; disabled_on=\u00bbon|on|off\u00bb _builder_version=\u00bb4.27.6&#8243; locked=\u00bboff\u00bb global_colors_info=\u00bb{}\u00bb][et_pb_column type=\u00bb1_3&#8243; _builder_version=\u00bb4.16&#8243; global_colors_info=\u00bb{}\u00bb][et_pb_image src=\u00bbhttps:\/\/demodafuerteventura.es\/wp-content\/uploads\/2026\/03\/ICO-CAMISETA.png\u00bb alt=\u00bbICO CAMISETA\u00bb title_text=\u00bbICO CAMISETA\u00bb align=\u00bbcenter\u00bb _builder_version=\u00bb4.27.6&#8243; background_image=\u00bbhttps:\/\/demodafuerteventura.es\/wp-content\/uploads\/2026\/03\/nail-salon-35.png\u00bb background_size=\u00bbcontain\u00bb custom_padding=\u00bb40px||60px||false|false\u00bb global_colors_info=\u00bb{}\u00bb][\/et_pb_image][et_pb_text _builder_version=\u00bb4.27.6&#8243; header_3_font=\u00bbRubik|500|||||||\u00bb header_3_text_align=\u00bbcenter\u00bb header_3_font_size=\u00bb20px\u00bb global_colors_info=\u00bb{}\u00bb]<\/p>\n<h3>Moda Local<\/h3>\n<p>[\/et_pb_text][\/et_pb_column][et_pb_column type=\u00bb1_3&#8243; _builder_version=\u00bb4.16&#8243; global_colors_info=\u00bb{}\u00bb][et_pb_image src=\u00bbhttps:\/\/demodafuerteventura.es\/wp-content\/uploads\/2026\/03\/ICO-ABRIGO.png\u00bb alt=\u00bbICO ABRIGO\u00bb title_text=\u00bbICO ABRIGO\u00bb align=\u00bbcenter\u00bb _builder_version=\u00bb4.27.6&#8243; background_image=\u00bbhttps:\/\/demodafuerteventura.es\/wp-content\/uploads\/2026\/03\/nail-salon-36.png\u00bb background_size=\u00bbcontain\u00bb custom_padding=\u00bb40px||60px||false|false\u00bb locked=\u00bboff\u00bb global_colors_info=\u00bb{}\u00bb][\/et_pb_image][et_pb_text _builder_version=\u00bb4.27.6&#8243; header_3_font=\u00bbRubik|500|||||||\u00bb header_3_text_align=\u00bbcenter\u00bb header_3_font_size=\u00bb20px\u00bb locked=\u00bboff\u00bb global_colors_info=\u00bb{}\u00bb]<\/p>\n<h3>Atenci\u00f3n Personalizada<\/h3>\n<p>[\/et_pb_text][\/et_pb_column][et_pb_column type=\u00bb1_3&#8243; _builder_version=\u00bb4.16&#8243; global_colors_info=\u00bb{}\u00bb][et_pb_image src=\u00bbhttps:\/\/demodafuerteventura.es\/wp-content\/uploads\/2026\/03\/PANTALON-ICO-1.png\u00bb alt=\u00bbPANTALON ICO\u00bb title_text=\u00bbPANTALON ICO\u00bb align=\u00bbcenter\u00bb _builder_version=\u00bb4.27.6&#8243; background_image=\u00bbhttps:\/\/demodafuerteventura.es\/wp-content\/uploads\/2026\/03\/nail-salon-37.png\u00bb background_size=\u00bbcontain\u00bb custom_padding=\u00bb40px||60px||false|false\u00bb locked=\u00bboff\u00bb global_colors_info=\u00bb{}\u00bb][\/et_pb_image][et_pb_text _builder_version=\u00bb4.27.6&#8243; header_3_font=\u00bbRubik|500|||||||\u00bb header_3_text_align=\u00bbcenter\u00bb header_3_font_size=\u00bb20px\u00bb locked=\u00bboff\u00bb global_colors_info=\u00bb{}\u00bb]<\/p>\n<h3>Todas las Tallas<\/h3>\n<p>[\/et_pb_text][\/et_pb_column][\/et_pb_row][et_pb_row column_structure=\u00bb2_5,3_5&#8243; module_id=\u00bbmoda-local\u00bb _builder_version=\u00bb4.27.6&#8243; width=\u00bb60%\u00bb max_width=\u00bb60%\u00bb locked=\u00bboff\u00bb global_colors_info=\u00bb{}\u00bb][et_pb_column type=\u00bb2_5&#8243; _builder_version=\u00bb4.16&#8243; global_colors_info=\u00bb{}\u00bb][et_pb_text _builder_version=\u00bb4.27.6&#8243; header_3_font=\u00bbRubik|500|||||||\u00bb header_3_text_align=\u00bbright\u00bb header_3_font_size=\u00bb30px\u00bb header_3_font_size_tablet=\u00bb\u00bb header_3_font_size_phone=\u00bb24px\u00bb header_3_font_size_last_edited=\u00bbon|phone\u00bb locked=\u00bboff\u00bb global_colors_info=\u00bb{}\u00bb]<\/p>\n<h3>Moda Local<\/h3>\n<p>[\/et_pb_text][\/et_pb_column][et_pb_column type=\u00bb3_5&#8243; _builder_version=\u00bb4.16&#8243; global_colors_info=\u00bb{}\u00bb][et_pb_text _builder_version=\u00bb4.27.6&#8243; text_text_color=\u00bbrgba(0,0,0,0.44)\u00bb text_font_size=\u00bb16px\u00bb text_line_height=\u00bb1.8em\u00bb header_4_font=\u00bbRubik|500|||||||\u00bb header_4_font_size=\u00bb16px\u00bb header_4_line_height=\u00bb1.8em\u00bb custom_margin=\u00bb||16px||false|false\u00bb locked=\u00bboff\u00bb global_colors_info=\u00bb{}\u00bb]<\/p>\n<p>Apostamos por el comercio de proximidad y el valor de lo local.<br \/>Seleccionamos cuidadosamente nuestras prendas para ofrecerte moda con alma, alej\u00e1ndonos de la producci\u00f3n en masa. Elegir lo local significa llevar prendas \u00fanicas y de calidad, as\u00ed como apoyar a nuestra comunidad y fomentar un consumo consciente.<\/p>\n<p>[\/et_pb_text][\/et_pb_column][\/et_pb_row][et_pb_row column_structure=\u00bb2_5,3_5&#8243; module_id=\u00bbatencion-personalizada\u00bb _builder_version=\u00bb4.27.6&#8243; width=\u00bb60%\u00bb max_width=\u00bb60%\u00bb locked=\u00bboff\u00bb global_colors_info=\u00bb{}\u00bb][et_pb_column type=\u00bb2_5&#8243; _builder_version=\u00bb4.16&#8243; global_colors_info=\u00bb{}\u00bb][et_pb_text _builder_version=\u00bb4.27.6&#8243; header_3_font=\u00bbRubik|500|||||||\u00bb header_3_text_align=\u00bbright\u00bb header_3_font_size=\u00bb30px\u00bb header_3_font_size_tablet=\u00bb\u00bb header_3_font_size_phone=\u00bb24px\u00bb header_3_font_size_last_edited=\u00bbon|phone\u00bb locked=\u00bboff\u00bb global_colors_info=\u00bb{}\u00bb header_2_3_font_size_phone=\u00bb24px\u00bb header_3_3_font_size_phone=\u00bb24px\u00bb header_4_3_font_size_phone=\u00bb24px\u00bb header_5_3_font_size_phone=\u00bb24px\u00bb header_6_3_font_size_phone=\u00bb24px\u00bb header_2_3_font_size_last_edited=\u00bbon|phone\u00bb header_3_3_font_size_last_edited=\u00bbon|phone\u00bb header_4_3_font_size_last_edited=\u00bbon|phone\u00bb header_5_3_font_size_last_edited=\u00bbon|phone\u00bb header_6_3_font_size_last_edited=\u00bbon|phone\u00bb]<\/p>\n<h3>Atenci\u00f3n Personalizada<\/h3>\n<p>[\/et_pb_text][\/et_pb_column][et_pb_column type=\u00bb3_5&#8243; _builder_version=\u00bb4.16&#8243; global_colors_info=\u00bb{}\u00bb][et_pb_text _builder_version=\u00bb4.27.6&#8243; text_text_color=\u00bbrgba(0,0,0,0.44)\u00bb text_font_size=\u00bb16px\u00bb text_line_height=\u00bb1.8em\u00bb header_4_font=\u00bbRubik|500|||||||\u00bb header_4_font_size=\u00bb16px\u00bb header_4_line_height=\u00bb1.8em\u00bb custom_margin=\u00bb||16px||false|false\u00bb locked=\u00bboff\u00bb global_colors_info=\u00bb{}\u00bb]<\/p>\n<p>Aqu\u00ed no eres un n\u00famero de pedido, eres nuestra prioridad. Queremos que te sientas como en casa, por eso te ofrecemos un trato humano, c\u00e1lido y directo. Te escuchamos, te asesoramos y te ayudamos a encontrar exactamente lo que buscas para que tu experiencia de compra sea tan \u00fanica como tu estilo.<\/p>\n<p>[\/et_pb_text][\/et_pb_column][\/et_pb_row][et_pb_row column_structure=\u00bb2_5,3_5&#8243; module_id=\u00bbtodas-las-tallas\u00bb _builder_version=\u00bb4.27.6&#8243; width=\u00bb60%\u00bb max_width=\u00bb60%\u00bb locked=\u00bboff\u00bb global_colors_info=\u00bb{}\u00bb][et_pb_column type=\u00bb2_5&#8243; _builder_version=\u00bb4.16&#8243; global_colors_info=\u00bb{}\u00bb][et_pb_text _builder_version=\u00bb4.27.6&#8243; header_3_font=\u00bbRubik|500|||||||\u00bb header_3_text_align=\u00bbright\u00bb header_3_font_size=\u00bb30px\u00bb header_3_font_size_tablet=\u00bb\u00bb header_3_font_size_phone=\u00bb24px\u00bb header_3_font_size_last_edited=\u00bbon|phone\u00bb locked=\u00bboff\u00bb global_colors_info=\u00bb{}\u00bb header_2_3_font_size_phone=\u00bb24px\u00bb header_3_3_font_size_phone=\u00bb24px\u00bb header_4_3_font_size_phone=\u00bb24px\u00bb header_5_3_font_size_phone=\u00bb24px\u00bb header_6_3_font_size_phone=\u00bb24px\u00bb header_2_3_font_size_last_edited=\u00bbon|phone\u00bb header_3_3_font_size_last_edited=\u00bbon|phone\u00bb header_4_3_font_size_last_edited=\u00bbon|phone\u00bb header_5_3_font_size_last_edited=\u00bbon|phone\u00bb header_6_3_font_size_last_edited=\u00bbon|phone\u00bb]<\/p>\n<h3>Todas las Tallas<\/h3>\n<p>[\/et_pb_text][\/et_pb_column][et_pb_column type=\u00bb3_5&#8243; _builder_version=\u00bb4.16&#8243; global_colors_info=\u00bb{}\u00bb][et_pb_text _builder_version=\u00bb4.27.6&#8243; text_text_color=\u00bbrgba(0,0,0,0.44)\u00bb text_font_size=\u00bb16px\u00bb text_line_height=\u00bb1.8em\u00bb header_4_font=\u00bbRubik|500|||||||\u00bb header_4_font_size=\u00bb16px\u00bb header_4_line_height=\u00bb1.8em\u00bb custom_margin=\u00bb||16px||false|false\u00bb locked=\u00bboff\u00bb global_colors_info=\u00bb{}\u00bb]<\/p>\n<p>Creemos firmemente que la ropa debe adaptarse a los cuerpos, y<br \/>no los cuerpos a la ropa. Por eso, abrazamos la diversidad real de los cuerpos ofreciendo todas las tallas. Porque todas merecemos encontrar prendas que nos gusten, que sean c\u00f3modas y que nos hagan sentir bien.<\/p>\n<p>[\/et_pb_text][\/et_pb_column][\/et_pb_row][\/et_pb_section][et_pb_section fb_built=\u00bb1&#8243; admin_label=\u00bbContact\u00bb module_id=\u00bbcontacto\u00bb _builder_version=\u00bb4.27.6&#8243; use_background_color_gradient=\u00bbon\u00bb background_color_gradient_direction=\u00bb90deg\u00bb background_color_gradient_stops=\u00bb#ffffff 90%|#8c2703 90%\u00bb custom_padding=\u00bb||1px|||\u00bb background_last_edited=\u00bbon|desktop\u00bb use_background_color_gradient_tablet=\u00bboff\u00bb locked=\u00bboff\u00bb global_colors_info=\u00bb{}\u00bb][et_pb_row _builder_version=\u00bb4.16&#8243; global_colors_info=\u00bb{}\u00bb][et_pb_column type=\u00bb4_4&#8243; _builder_version=\u00bb4.16&#8243; global_colors_info=\u00bb{}\u00bb][et_pb_text _builder_version=\u00bb4.16&#8243; text_font=\u00bbRubik|300|||||||\u00bb text_text_color=\u00bb#2a2a2a\u00bb text_font_size=\u00bb24px\u00bb text_line_height=\u00bb1.4em\u00bb header_font=\u00bbRubik|700||on|||||\u00bb header_text_align=\u00bbleft\u00bb header_font_size=\u00bb96px\u00bb header_letter_spacing=\u00bb0.1em\u00bb header_line_height=\u00bb1.1em\u00bb header_2_font_size=\u00bb96px\u00bb header_3_font_size=\u00bb96px\u00bb header_4_font_size=\u00bb96px\u00bb header_5_font_size=\u00bb96px\u00bb header_6_font_size=\u00bb96px\u00bb text_orientation=\u00bbright\u00bb text_font_size_tablet=\u00bb\u00bb text_font_size_phone=\u00bb20px\u00bb text_font_size_last_edited=\u00bbon|desktop\u00bb header_font_size_tablet=\u00bb56px\u00bb header_font_size_phone=\u00bb30px\u00bb header_font_size_last_edited=\u00bbon|phone\u00bb header_2_font_size_tablet=\u00bb56px\u00bb header_2_font_size_phone=\u00bb30px\u00bb header_2_font_size_last_edited=\u00bbon|phone\u00bb header_3_font_size_tablet=\u00bb56px\u00bb header_3_font_size_phone=\u00bb30px\u00bb header_3_font_size_last_edited=\u00bbon|phone\u00bb header_4_font_size_tablet=\u00bb56px\u00bb header_4_font_size_phone=\u00bb30px\u00bb header_4_font_size_last_edited=\u00bbon|phone\u00bb header_5_font_size_tablet=\u00bb56px\u00bb header_5_font_size_phone=\u00bb30px\u00bb header_5_font_size_last_edited=\u00bbon|phone\u00bb header_6_font_size_tablet=\u00bb56px\u00bb header_6_font_size_phone=\u00bb30px\u00bb header_6_font_size_last_edited=\u00bbon|phone\u00bb text_orientation_tablet=\u00bbleft\u00bb text_orientation_phone=\u00bb\u00bb text_orientation_last_edited=\u00bbon|tablet\u00bb global_colors_info=\u00bb{}\u00bb]<\/p>\n<h1>Cont\u00e1ctanos!<\/h1>\n<p>[\/et_pb_text][\/et_pb_column][\/et_pb_row][et_pb_row column_structure=\u00bb1_2,1_2&#8243; _builder_version=\u00bb4.16&#8243; hover_enabled=\u00bb0&#8243; global_colors_info=\u00bb{}\u00bb sticky_enabled=\u00bb0&#8243;][et_pb_column type=\u00bb1_2&#8243; _builder_version=\u00bb4.16&#8243; global_colors_info=\u00bb{}\u00bb][et_pb_contact_form use_spam_service=\u00bbon\u00bb recaptcha_list=\u00bbadd_new_account\u00bb email=\u00bbinfo@demodafuerteventura.es\u00bb submit_button_text=\u00bbEnviar\u00bb module_id=\u00bbet_pb_contact_form_1&#8243; _builder_version=\u00bb4.27.6&#8243; form_field_background_color=\u00bb#ffffff\u00bb form_field_text_color=\u00bb#000000&#8243; form_field_line_height=\u00bb1.8em\u00bb custom_button=\u00bbon\u00bb button_text_size=\u00bb14px\u00bb button_text_color=\u00bb#2a2a2a\u00bb button_bg_color=\u00bbrgba(0,0,0,0)\u00bb button_border_color=\u00bb#2a2a2a\u00bb button_border_radius=\u00bb0px\u00bb button_letter_spacing=\u00bb4px\u00bb button_font=\u00bbRubik|700||on|||||\u00bb button_icon=\u00bb&#x35;||divi||400&#8243; button_icon_color=\u00bb#2a2a2a\u00bb button_custom_margin=\u00bb10px||||false|false\u00bb button_custom_padding=\u00bb15px|40px|15px|40px|true|true\u00bb max_width=\u00bb550px\u00bb module_alignment=\u00bbcenter\u00bb hover_enabled=\u00bb0&#8243; border_width_all=\u00bb1px\u00bb border_color_all=\u00bb#dfdfdf\u00bb locked=\u00bboff\u00bb global_colors_info=\u00bb{}\u00bb recaptcha_account_name=\u00bbdemodafuerteventura.es\u00bb recaptcha_site_key=\u00bb6LfwUpcsAAAAAAmPGLjS916Vu6CkVCfUeRMZhGp-\u00bb recaptcha_secret_key=\u00bb6LfwUpcsAAAAAIntml9pbMg4ud9Vvc5HNxVjqHbP\u00bb sticky_enabled=\u00bb0&#8243;][et_pb_contact_field field_id=\u00bbNombre\u00bb field_title=\u00bbNombre\u00bb fullwidth_field=\u00bbon\u00bb _builder_version=\u00bb4.27.6&#8243; global_colors_info=\u00bb{}\u00bb button_text_size__hover_enabled=\u00bboff\u00bb button_one_text_size__hover_enabled=\u00bboff\u00bb button_two_text_size__hover_enabled=\u00bboff\u00bb button_text_color__hover_enabled=\u00bboff\u00bb button_one_text_color__hover_enabled=\u00bboff\u00bb button_two_text_color__hover_enabled=\u00bboff\u00bb button_border_width__hover_enabled=\u00bboff\u00bb button_one_border_width__hover_enabled=\u00bboff\u00bb button_two_border_width__hover_enabled=\u00bboff\u00bb button_border_color__hover_enabled=\u00bboff\u00bb button_one_border_color__hover_enabled=\u00bboff\u00bb button_two_border_color__hover_enabled=\u00bboff\u00bb button_border_radius__hover_enabled=\u00bboff\u00bb button_one_border_radius__hover_enabled=\u00bboff\u00bb button_two_border_radius__hover_enabled=\u00bboff\u00bb button_letter_spacing__hover_enabled=\u00bboff\u00bb button_one_letter_spacing__hover_enabled=\u00bboff\u00bb button_two_letter_spacing__hover_enabled=\u00bboff\u00bb button_bg_color__hover_enabled=\u00bboff\u00bb button_one_bg_color__hover_enabled=\u00bboff\u00bb button_two_bg_color__hover_enabled=\u00bboff\u00bb][\/et_pb_contact_field][et_pb_contact_field field_id=\u00bbEmail\u00bb field_title=\u00bbCorreo Electr\u00f3nico\u00bb field_type=\u00bbemail\u00bb fullwidth_field=\u00bbon\u00bb _builder_version=\u00bb4.27.6&#8243; global_colors_info=\u00bb{}\u00bb button_text_size__hover_enabled=\u00bboff\u00bb button_one_text_size__hover_enabled=\u00bboff\u00bb button_two_text_size__hover_enabled=\u00bboff\u00bb button_text_color__hover_enabled=\u00bboff\u00bb button_one_text_color__hover_enabled=\u00bboff\u00bb button_two_text_color__hover_enabled=\u00bboff\u00bb button_border_width__hover_enabled=\u00bboff\u00bb button_one_border_width__hover_enabled=\u00bboff\u00bb button_two_border_width__hover_enabled=\u00bboff\u00bb button_border_color__hover_enabled=\u00bboff\u00bb button_one_border_color__hover_enabled=\u00bboff\u00bb button_two_border_color__hover_enabled=\u00bboff\u00bb button_border_radius__hover_enabled=\u00bboff\u00bb button_one_border_radius__hover_enabled=\u00bboff\u00bb button_two_border_radius__hover_enabled=\u00bboff\u00bb button_letter_spacing__hover_enabled=\u00bboff\u00bb button_one_letter_spacing__hover_enabled=\u00bboff\u00bb button_two_letter_spacing__hover_enabled=\u00bboff\u00bb button_bg_color__hover_enabled=\u00bboff\u00bb button_one_bg_color__hover_enabled=\u00bboff\u00bb button_two_bg_color__hover_enabled=\u00bboff\u00bb][\/et_pb_contact_field][et_pb_contact_field field_id=\u00bbMensaje\u00bb field_title=\u00bbMensaje\u00bb field_type=\u00bbtext\u00bb fullwidth_field=\u00bbon\u00bb _builder_version=\u00bb4.27.6&#8243; global_colors_info=\u00bb{}\u00bb button_text_size__hover_enabled=\u00bboff\u00bb button_one_text_size__hover_enabled=\u00bboff\u00bb button_two_text_size__hover_enabled=\u00bboff\u00bb button_text_color__hover_enabled=\u00bboff\u00bb button_one_text_color__hover_enabled=\u00bboff\u00bb button_two_text_color__hover_enabled=\u00bboff\u00bb button_border_width__hover_enabled=\u00bboff\u00bb button_one_border_width__hover_enabled=\u00bboff\u00bb button_two_border_width__hover_enabled=\u00bboff\u00bb button_border_color__hover_enabled=\u00bboff\u00bb button_one_border_color__hover_enabled=\u00bboff\u00bb button_two_border_color__hover_enabled=\u00bboff\u00bb button_border_radius__hover_enabled=\u00bboff\u00bb button_one_border_radius__hover_enabled=\u00bboff\u00bb button_two_border_radius__hover_enabled=\u00bboff\u00bb button_letter_spacing__hover_enabled=\u00bboff\u00bb button_one_letter_spacing__hover_enabled=\u00bboff\u00bb button_two_letter_spacing__hover_enabled=\u00bboff\u00bb button_bg_color__hover_enabled=\u00bboff\u00bb button_one_bg_color__hover_enabled=\u00bboff\u00bb button_two_bg_color__hover_enabled=\u00bboff\u00bb][\/et_pb_contact_field][\/et_pb_contact_form][\/et_pb_column][et_pb_column type=\u00bb1_2&#8243; _builder_version=\u00bb4.16&#8243; global_colors_info=\u00bb{}\u00bb][et_pb_blurb use_icon=\u00bbon\u00bb font_icon=\u00bb&#xe081;||divi||400&#8243; icon_color=\u00bb#2a2a2a\u00bb icon_placement=\u00bbleft\u00bb image_icon_width=\u00bb16px\u00bb _builder_version=\u00bb4.27.6&#8243; header_level=\u00bbh6&#8243; header_font=\u00bb||||||||\u00bb header_font_size=\u00bb16px\u00bb header_line_height=\u00bb1.2em\u00bb body_font=\u00bb&#8211;et_global_heading_font||||||||\u00bb body_text_color=\u00bb#000000&#8243; body_font_size=\u00bb18px\u00bb custom_margin=\u00bb||10px||false|false\u00bb animation=\u00bboff\u00bb icon_font_size=\u00bb16px\u00bb global_colors_info=\u00bb{}\u00bb]C. Salamanca, 5, 35600 Puerto del Rosario, Las Palmas[\/et_pb_blurb][et_pb_blurb use_icon=\u00bbon\u00bb font_icon=\u00bb&#xe090;||divi||400&#8243; icon_color=\u00bb#2a2a2a\u00bb icon_placement=\u00bbleft\u00bb image_icon_width=\u00bb16px\u00bb _builder_version=\u00bb4.27.6&#8243; header_font=\u00bb||||||||\u00bb header_font_size=\u00bb16px\u00bb header_line_height=\u00bb1.2em\u00bb body_text_color=\u00bb#000000&#8243; body_font_size=\u00bb18px\u00bb custom_margin=\u00bb||10px||false|false\u00bb animation=\u00bboff\u00bb icon_font_size=\u00bb16px\u00bb global_colors_info=\u00bb{}\u00bb]928530001[\/et_pb_blurb][et_pb_blurb use_icon=\u00bbon\u00bb font_icon=\u00bb&#xe076;||divi||400&#8243; icon_color=\u00bb#2a2a2a\u00bb icon_placement=\u00bbleft\u00bb image_icon_width=\u00bb16px\u00bb _builder_version=\u00bb4.27.6&#8243; header_font=\u00bb||||||||\u00bb header_font_size=\u00bb16px\u00bb header_line_height=\u00bb1.2em\u00bb body_text_color=\u00bb#000000&#8243; body_font_size=\u00bb18px\u00bb custom_margin=\u00bb||||false|false\u00bb animation=\u00bboff\u00bb icon_font_size=\u00bb16px\u00bb global_colors_info=\u00bb{}\u00bb]info@demodafuerteventura.es[\/et_pb_blurb][et_pb_map address=\u00bbC. Salamanca, 5, 35600 Puerto del Rosario, Las Palmas, Espa\u00f1a\u00bb address_lat=\u00bb28.5018512&#8243; address_lng=\u00bb-13.8688053&#8243; mouse_wheel=\u00bboff\u00bb _builder_version=\u00bb4.27.6&#8243; max_height=\u00bb350px\u00bb global_colors_info=\u00bb{}\u00bb][et_pb_map_pin pin_address=\u00bbC. Salamanca, 5, 35600 Puerto del Rosario, Las Palmas, Espa\u00f1a\u00bb pin_address_lat=\u00bb28.5018512&#8243; pin_address_lng=\u00bb-13.8688053&#8243; _builder_version=\u00bb4.27.6&#8243; global_colors_info=\u00bb{}\u00bb][\/et_pb_map_pin][\/et_pb_map][\/et_pb_column][\/et_pb_row][et_pb_row column_structure=\u00bb1_3,1_3,1_3&#8243; _builder_version=\u00bb4.16&#8243; locked=\u00bboff\u00bb global_colors_info=\u00bb{}\u00bb][et_pb_column type=\u00bb1_3&#8243; _builder_version=\u00bb4.16&#8243; global_colors_info=\u00bb{}\u00bb][et_pb_text _builder_version=\u00bb4.27.6&#8243; text_font=\u00bb|700|||||||\u00bb text_text_color=\u00bb#000000&#8243; text_font_size=\u00bb18px\u00bb header_3_font=\u00bbRubik|500|||||||\u00bb header_3_font_size=\u00bb18px\u00bb header_3_line_height=\u00bb1.8em\u00bb header_4_font=\u00bb|700|||||||\u00bb text_orientation=\u00bbcenter\u00bb custom_margin=\u00bb||0px||false|false\u00bb global_colors_info=\u00bb{}\u00bb]De Moda Fuerteventura[\/et_pb_text][et_pb_social_media_follow icon_color=\u00bb#000000&#8243; _builder_version=\u00bb4.27.6&#8243; text_orientation=\u00bbcenter\u00bb custom_padding=\u00bb||||false|false\u00bb global_colors_info=\u00bb{}\u00bb][et_pb_social_media_follow_network social_network=\u00bbfacebook\u00bb url=\u00bbhttps:\/\/www.facebook.com\/DeModaFuerteventura\/?locale=es_LA\u00bb _builder_version=\u00bb4.27.6&#8243; background_enable_color=\u00bboff\u00bb global_colors_info=\u00bb{}\u00bb follow_button=\u00bboff\u00bb url_new_window=\u00bbon\u00bb]facebook[\/et_pb_social_media_follow_network][et_pb_social_media_follow_network social_network=\u00bbinstagram\u00bb url=\u00bbhttps:\/\/www.instagram.com\/demodafuerteventura\/\u00bb _builder_version=\u00bb4.27.6&#8243; background_color=\u00bb#ea2c59&#8243; background_enable_color=\u00bboff\u00bb global_colors_info=\u00bb{}\u00bb follow_button=\u00bboff\u00bb url_new_window=\u00bbon\u00bb]instagram[\/et_pb_social_media_follow_network][\/et_pb_social_media_follow][\/et_pb_column][et_pb_column type=\u00bb1_3&#8243; _builder_version=\u00bb4.16&#8243; global_colors_info=\u00bb{}\u00bb][et_pb_text ul_type=\u00bbnone\u00bb _builder_version=\u00bb4.27.6&#8243; text_font=\u00bb|600|||||||\u00bb text_text_color=\u00bb#000000&#8243; text_line_height=\u00bb2em\u00bb link_text_color=\u00bb#000000&#8243; text_orientation=\u00bbcenter\u00bb locked=\u00bboff\u00bb global_colors_info=\u00bb{}\u00bb]<\/p>\n<p>Lunes a Viernes<br \/>10:00h &#8211; 13:30h<br \/>17:30h &#8211; 20:30h<\/p>\n<p>[\/et_pb_text][\/et_pb_column][et_pb_column type=\u00bb1_3&#8243; _builder_version=\u00bb4.16&#8243; global_colors_info=\u00bb{}\u00bb][et_pb_text ul_type=\u00bbnone\u00bb _builder_version=\u00bb4.27.6&#8243; text_font=\u00bb|600|||||||\u00bb text_text_color=\u00bb#000000&#8243; text_line_height=\u00bb2em\u00bb link_text_color=\u00bb#000000&#8243; text_orientation=\u00bbcenter\u00bb global_colors_info=\u00bb{}\u00bb]<\/p>\n<p>S\u00e1bados<br \/>10:00h &#8211; 13:30h<\/p>\n<p>[\/et_pb_text][\/et_pb_column][\/et_pb_row][\/et_pb_section]<\/p>\n","protected":false},"excerpt":{"rendered":"<p>De Moda Fuerteventura Puerto del RosarioNuestrosServiciosFomento del comercio de proximidad, prendas con alma y consumo consciente.Trato humano, c\u00e1lido y asesoramiento directo para que la cliente se sienta como en casa.Moda inclusiva y real, ofreciendo tallaje hasta la 60 porque la ropa debe adaptarse al cuerpo.Your content goes here. Edit or remove this text inline or [&hellip;]<\/p>\n","protected":false},"author":1,"featured_media":0,"parent":0,"menu_order":0,"comment_status":"closed","ping_status":"closed","template":"","meta":{"_et_pb_use_builder":"on","_et_pb_old_content":"","_et_gb_content_width":"","footnotes":""},"class_list":["post-81","page","type-page","status-publish","hentry"],"yoast_head":"<!-- This site is optimized with the Yoast SEO plugin v27.4 - https:\/\/yoast.com\/product\/yoast-seo-wordpress\/ -->\n<title>De Moda Fuerteventura - De Moda Fuerteventura<\/title>\n<meta name=\"robots\" content=\"index, follow, max-snippet:-1, max-image-preview:large, max-video-preview:-1\" \/>\n<link rel=\"canonical\" href=\"https:\/\/demodafuerteventura.es\/\" \/>\n<meta property=\"og:locale\" content=\"es_ES\" \/>\n<meta property=\"og:type\" content=\"article\" \/>\n<meta property=\"og:title\" content=\"De Moda Fuerteventura - De Moda Fuerteventura\" \/>\n<meta property=\"og:description\" content=\"De Moda Fuerteventura Puerto del RosarioNuestrosServiciosFomento del comercio de proximidad, prendas con alma y consumo consciente.Trato humano, c\u00e1lido y asesoramiento directo para que la cliente se sienta como en casa.Moda inclusiva y real, ofreciendo tallaje hasta la 60 porque la ropa debe adaptarse al cuerpo.Your content goes here. Edit or remove this text inline or [&hellip;]\" \/>\n<meta property=\"og:url\" content=\"https:\/\/demodafuerteventura.es\/\" \/>\n<meta property=\"og:site_name\" content=\"De Moda Fuerteventura\" \/>\n<meta property=\"article:modified_time\" content=\"2026-04-20T07:17:47+00:00\" \/>\n<meta property=\"og:image\" content=\"https:\/\/demodafuerteventura.es\/wp-content\/uploads\/2026\/03\/img1.jpeg\" \/>\n<meta name=\"twitter:card\" content=\"summary_large_image\" \/>\n<meta name=\"twitter:label1\" content=\"Tiempo de lectura\" \/>\n\t<meta name=\"twitter:data1\" content=\"4 minutos\" \/>\n<script type=\"application\/ld+json\" class=\"yoast-schema-graph\">{\"@context\":\"https:\\\/\\\/schema.org\",\"@graph\":[{\"@type\":\"WebPage\",\"@id\":\"https:\\\/\\\/demodafuerteventura.es\\\/\",\"url\":\"https:\\\/\\\/demodafuerteventura.es\\\/\",\"name\":\"De Moda Fuerteventura - De Moda Fuerteventura\",\"isPartOf\":{\"@id\":\"https:\\\/\\\/demodafuerteventura.es\\\/#website\"},\"primaryImageOfPage\":{\"@id\":\"https:\\\/\\\/demodafuerteventura.es\\\/#primaryimage\"},\"image\":{\"@id\":\"https:\\\/\\\/demodafuerteventura.es\\\/#primaryimage\"},\"thumbnailUrl\":\"https:\\\/\\\/demodafuerteventura.es\\\/wp-content\\\/uploads\\\/2026\\\/03\\\/img1.jpeg\",\"datePublished\":\"2026-03-24T12:01:01+00:00\",\"dateModified\":\"2026-04-20T07:17:47+00:00\",\"breadcrumb\":{\"@id\":\"https:\\\/\\\/demodafuerteventura.es\\\/#breadcrumb\"},\"inLanguage\":\"es\",\"potentialAction\":[{\"@type\":\"ReadAction\",\"target\":[\"https:\\\/\\\/demodafuerteventura.es\\\/\"]}]},{\"@type\":\"ImageObject\",\"inLanguage\":\"es\",\"@id\":\"https:\\\/\\\/demodafuerteventura.es\\\/#primaryimage\",\"url\":\"https:\\\/\\\/demodafuerteventura.es\\\/wp-content\\\/uploads\\\/2026\\\/03\\\/img1.jpeg\",\"contentUrl\":\"https:\\\/\\\/demodafuerteventura.es\\\/wp-content\\\/uploads\\\/2026\\\/03\\\/img1.jpeg\",\"width\":1260,\"height\":1654,\"caption\":\"img1\"},{\"@type\":\"BreadcrumbList\",\"@id\":\"https:\\\/\\\/demodafuerteventura.es\\\/#breadcrumb\",\"itemListElement\":[{\"@type\":\"ListItem\",\"position\":1,\"name\":\"Portada\",\"item\":\"https:\\\/\\\/demodafuerteventura.es\\\/\"},{\"@type\":\"ListItem\",\"position\":2,\"name\":\"De Moda Fuerteventura\"}]},{\"@type\":\"WebSite\",\"@id\":\"https:\\\/\\\/demodafuerteventura.es\\\/#website\",\"url\":\"https:\\\/\\\/demodafuerteventura.es\\\/\",\"name\":\"De Moda Fuerteventura\",\"description\":\"Tienda de moda local en Fuerteventura\",\"potentialAction\":[{\"@type\":\"SearchAction\",\"target\":{\"@type\":\"EntryPoint\",\"urlTemplate\":\"https:\\\/\\\/demodafuerteventura.es\\\/?s={search_term_string}\"},\"query-input\":{\"@type\":\"PropertyValueSpecification\",\"valueRequired\":true,\"valueName\":\"search_term_string\"}}],\"inLanguage\":\"es\"}]}<\/script>\n<!-- \/ Yoast SEO plugin. -->","yoast_head_json":{"title":"De Moda Fuerteventura - De Moda Fuerteventura","robots":{"index":"index","follow":"follow","max-snippet":"max-snippet:-1","max-image-preview":"max-image-preview:large","max-video-preview":"max-video-preview:-1"},"canonical":"https:\/\/demodafuerteventura.es\/","og_locale":"es_ES","og_type":"article","og_title":"De Moda Fuerteventura - De Moda Fuerteventura","og_description":"De Moda Fuerteventura Puerto del RosarioNuestrosServiciosFomento del comercio de proximidad, prendas con alma y consumo consciente.Trato humano, c\u00e1lido y asesoramiento directo para que la cliente se sienta como en casa.Moda inclusiva y real, ofreciendo tallaje hasta la 60 porque la ropa debe adaptarse al cuerpo.Your content goes here. Edit or remove this text inline or [&hellip;]","og_url":"https:\/\/demodafuerteventura.es\/","og_site_name":"De Moda Fuerteventura","article_modified_time":"2026-04-20T07:17:47+00:00","og_image":[{"url":"https:\/\/demodafuerteventura.es\/wp-content\/uploads\/2026\/03\/img1.jpeg","type":"","width":"","height":""}],"twitter_card":"summary_large_image","twitter_misc":{"Tiempo de lectura":"4 minutos"},"schema":{"@context":"https:\/\/schema.org","@graph":[{"@type":"WebPage","@id":"https:\/\/demodafuerteventura.es\/","url":"https:\/\/demodafuerteventura.es\/","name":"De Moda Fuerteventura - De Moda Fuerteventura","isPartOf":{"@id":"https:\/\/demodafuerteventura.es\/#website"},"primaryImageOfPage":{"@id":"https:\/\/demodafuerteventura.es\/#primaryimage"},"image":{"@id":"https:\/\/demodafuerteventura.es\/#primaryimage"},"thumbnailUrl":"https:\/\/demodafuerteventura.es\/wp-content\/uploads\/2026\/03\/img1.jpeg","datePublished":"2026-03-24T12:01:01+00:00","dateModified":"2026-04-20T07:17:47+00:00","breadcrumb":{"@id":"https:\/\/demodafuerteventura.es\/#breadcrumb"},"inLanguage":"es","potentialAction":[{"@type":"ReadAction","target":["https:\/\/demodafuerteventura.es\/"]}]},{"@type":"ImageObject","inLanguage":"es","@id":"https:\/\/demodafuerteventura.es\/#primaryimage","url":"https:\/\/demodafuerteventura.es\/wp-content\/uploads\/2026\/03\/img1.jpeg","contentUrl":"https:\/\/demodafuerteventura.es\/wp-content\/uploads\/2026\/03\/img1.jpeg","width":1260,"height":1654,"caption":"img1"},{"@type":"BreadcrumbList","@id":"https:\/\/demodafuerteventura.es\/#breadcrumb","itemListElement":[{"@type":"ListItem","position":1,"name":"Portada","item":"https:\/\/demodafuerteventura.es\/"},{"@type":"ListItem","position":2,"name":"De Moda Fuerteventura"}]},{"@type":"WebSite","@id":"https:\/\/demodafuerteventura.es\/#website","url":"https:\/\/demodafuerteventura.es\/","name":"De Moda Fuerteventura","description":"Tienda de moda local en Fuerteventura","potentialAction":[{"@type":"SearchAction","target":{"@type":"EntryPoint","urlTemplate":"https:\/\/demodafuerteventura.es\/?s={search_term_string}"},"query-input":{"@type":"PropertyValueSpecification","valueRequired":true,"valueName":"search_term_string"}}],"inLanguage":"es"}]}},"_links":{"self":[{"href":"https:\/\/demodafuerteventura.es\/index.php\/wp-json\/wp\/v2\/pages\/81","targetHints":{"allow":["GET"]}}],"collection":[{"href":"https:\/\/demodafuerteventura.es\/index.php\/wp-json\/wp\/v2\/pages"}],"about":[{"href":"https:\/\/demodafuerteventura.es\/index.php\/wp-json\/wp\/v2\/types\/page"}],"author":[{"embeddable":true,"href":"https:\/\/demodafuerteventura.es\/index.php\/wp-json\/wp\/v2\/users\/1"}],"replies":[{"embeddable":true,"href":"https:\/\/demodafuerteventura.es\/index.php\/wp-json\/wp\/v2\/comments?post=81"}],"version-history":[{"count":49,"href":"https:\/\/demodafuerteventura.es\/index.php\/wp-json\/wp\/v2\/pages\/81\/revisions"}],"predecessor-version":[{"id":311,"href":"https:\/\/demodafuerteventura.es\/index.php\/wp-json\/wp\/v2\/pages\/81\/revisions\/311"}],"wp:attachment":[{"href":"https:\/\/demodafuerteventura.es\/index.php\/wp-json\/wp\/v2\/media?parent=81"}],"curies":[{"name":"wp","href":"https:\/\/api.w.org\/{rel}","templated":true}]}}