{"id":217,"date":"2026-03-24T12:01:01","date_gmt":"2026-03-24T12:01:01","guid":{"rendered":"https:\/\/demodafuerteventura.es\/?page_id=217"},"modified":"2026-03-24T18:41:14","modified_gmt":"2026-03-24T18:41:14","slug":"declaracion-de-accesibilidad-web","status":"publish","type":"page","link":"https:\/\/demodafuerteventura.es\/index.php\/declaracion-de-accesibilidad-web\/","title":{"rendered":"Declaracion de accesibilidad web"},"content":{"rendered":"<p>[et_pb_section fb_built=\u00bb1&#8243; admin_label=\u00bbHeader\u00bb module_id=\u00bbinicio\u00bb _builder_version=\u00bb4.27.6&#8243; background_enable_color=\u00bboff\u00bb custom_padding=\u00bb0px||3px|||\u00bb global_colors_info=\u00bb{}\u00bb][et_pb_row _builder_version=\u00bb4.27.6&#8243; width=\u00bb100%\u00bb max_width=\u00bb2560px\u00bb global_colors_info=\u00bb{}\u00bb][et_pb_column type=\u00bb4_4&#8243; _builder_version=\u00bb4.27.6&#8243; z_index=\u00bb12&#8243; custom_padding=\u00bb||||false|false\u00bb custom_padding_tablet=\u00bb0px||||false|false\u00bb custom_padding_phone=\u00bb\u00bb custom_padding_last_edited=\u00bbon|tablet\u00bb global_colors_info=\u00bb{}\u00bb][et_pb_text _builder_version=\u00bb4.27.6&#8243; text_font=\u00bbRubik|300|||||||\u00bb text_text_color=\u00bb#2a2a2a\u00bb text_font_size=\u00bb24px\u00bb text_line_height=\u00bb1.4em\u00bb header_font=\u00bbRubik|700||on|||||\u00bb header_font_size=\u00bb70px\u00bb header_letter_spacing=\u00bb0.1em\u00bb header_line_height=\u00bb1.1em\u00bb header_2_font_size=\u00bb96px\u00bb header_3_font_size=\u00bb96px\u00bb header_4_font_size=\u00bb96px\u00bb header_5_font_size=\u00bb96px\u00bb header_6_font_size=\u00bb96px\u00bb text_orientation=\u00bbright\u00bb hover_enabled=\u00bb0&#8243; text_font_size_tablet=\u00bb\u00bb text_font_size_phone=\u00bb20px\u00bb text_font_size_last_edited=\u00bbon|desktop\u00bb header_text_align_tablet=\u00bbcenter\u00bb header_text_align_phone=\u00bbcenter\u00bb header_text_align_last_edited=\u00bbon|phone\u00bb header_font_size_tablet=\u00bb56px\u00bb header_font_size_phone=\u00bb30px\u00bb header_font_size_last_edited=\u00bbon|phone\u00bb header_2_font_size_tablet=\u00bb56px\u00bb header_2_font_size_phone=\u00bb30px\u00bb header_2_font_size_last_edited=\u00bbon|phone\u00bb header_3_font_size_tablet=\u00bb56px\u00bb header_3_font_size_phone=\u00bb30px\u00bb header_3_font_size_last_edited=\u00bbon|phone\u00bb header_4_font_size_tablet=\u00bb56px\u00bb header_4_font_size_phone=\u00bb30px\u00bb header_4_font_size_last_edited=\u00bbon|phone\u00bb header_5_font_size_tablet=\u00bb56px\u00bb header_5_font_size_phone=\u00bb30px\u00bb header_5_font_size_last_edited=\u00bbon|phone\u00bb header_6_font_size_tablet=\u00bb56px\u00bb header_6_font_size_phone=\u00bb30px\u00bb header_6_font_size_last_edited=\u00bbon|phone\u00bb text_orientation_tablet=\u00bbleft\u00bb text_orientation_phone=\u00bbcenter\u00bb text_orientation_last_edited=\u00bbon|tablet\u00bb global_colors_info=\u00bb{}\u00bb sticky_enabled=\u00bb0&#8243;]<\/p>\n<h1 style=\"text-align: center;\">Declaraci\u00f3n de accesibilidad Web<\/h1>\n<p>[\/et_pb_text][\/et_pb_column][\/et_pb_row][\/et_pb_section][et_pb_section fb_built=\u00bb1&#8243; disabled_on=\u00bboff|off|off\u00bb admin_label=\u00bbSpecial Offer\u00bb module_id=\u00bbsobre-nosotras\u00bb _builder_version=\u00bb4.27.6&#8243; background_enable_image=\u00bboff\u00bb background_size=\u00bbinitial\u00bb custom_padding=\u00bb0px||0px|||\u00bb background_last_edited=\u00bbon|tablet\u00bb use_background_color_gradient_tablet=\u00bboff\u00bb global_colors_info=\u00bb{}\u00bb][et_pb_row _builder_version=\u00bb4.27.6&#8243; _module_preset=\u00bbdefault\u00bb global_colors_info=\u00bb{}\u00bb][et_pb_column type=\u00bb4_4&#8243; _builder_version=\u00bb4.27.6&#8243; _module_preset=\u00bbdefault\u00bb global_colors_info=\u00bb{}\u00bb][et_pb_text _builder_version=\u00bb4.27.6&#8243; text_text_color=\u00bbrgba(0,0,0,0.44)\u00bb text_font_size=\u00bb18px\u00bb text_line_height=\u00bb1.8em\u00bb header_4_font=\u00bbRubik|500|||||||\u00bb header_4_font_size=\u00bb16px\u00bb header_4_line_height=\u00bb1.8em\u00bb custom_margin=\u00bb||16px||false|false\u00bb hover_enabled=\u00bb0&#8243; locked=\u00bboff\u00bb global_colors_info=\u00bb{}\u00bb sticky_enabled=\u00bb0&#8243;]Actualizado: 24\/3\/2026<\/p>\n<p>De Moda se compromete en hacer accesible su sitio web de conformidad con el<span>\u00a0<\/span><a href=\"https:\/\/www.boe.es\/diario_boe\/txt.php?id=BOE-A-2018-12699\" target=\"_blank\" rel=\"noopener noreferrer\" role=\"link\">Real Decreto 1112\/2018, sobre accesibilidad de los sitios webs y aplicaciones para dispositivos m\u00f3viles del sector p\u00fablico.\u00a0<\/a><\/p>\n<p>La presente declaraci\u00f3n de accesibilidad se aplica al sitio web<span> <\/span><a href=\"Calle Salamanca, 5 local bajo\/\" role=\"link\">De Moda Fuerteventura<\/a>.<\/p>\n<h1 class=\"text-4xl m-0 mb-3\">Situaci\u00f3n de cumplimiento<\/h1>\n<p>Este sitio web es<span>\u00a0<\/span><strong>plenamente\u00a0<\/strong><strong>conforme<\/strong>\u00a0con el RD 1112\/2018.<\/p>\n<h2 class=\"text-3xl m-0 mb-3\">Preparaci\u00f3n de la presente declaraci\u00f3n de accesibilidad:<\/h2>\n<p>La presente declaraci\u00f3n fue preparada el 24 de marzo de 2026.<\/p>\n<p>El m\u00e9todo empleado para preparar la declaraci\u00f3n ha sido una autoevaluaci\u00f3n llevada a cabo por el equipo de accesibilidad de la entidad.<\/p>\n<p>\u00daltima revisi\u00f3n de la declaraci\u00f3n: 24 de marzo de 2026.<\/p>\n<h2 class=\"text-3xl m-0 mb-3\">Observaciones y datos de contacto:<\/h2>\n<p>Puede realizar comunicaciones sobre requisitos de accesibilidad (art\u00edculo 10.2.a) del RD 1112\/2018) como por ejemplo:<\/p>\n<p>1. Informar sobre cualquier posible incumplimiento por parte de este sitio web.<\/p>\n<p>2. Transmitir otras dificultades de acceso al contenido<\/p>\n<p>3. Formular cualquier otra consulta o sugerencia de mejora relativa a la accesibilidad del sitio web<\/p>\n<p>A trav\u00e9s de nuestros formulario de contacto, o de manera presencial en: info@demodafuerteventura.es<\/p>\n<p>Indicando en el Asunto: \u00abAccesibilidad Web\u00bb<\/p>\n<p>Las comunicaciones ser\u00e1n recibidas y tratadas por el equipo de Accesibilidad.<\/p>\n<p><strong>Contenido opcional<\/strong><\/p>\n<p>En esta web se han adoptado una serie de medidas cuyo objetivo es mejorar la accesibilidad. Las ventajas que esto conlleva son, entre otras:<\/p>\n<p>1. Facilitar el acceso de las personas independientemente de su condici\u00f3n f\u00edsica o de su entorno.<\/p>\n<p>2. Incluir contenidos claros y bien estructurados.<\/p>\n<p>3. Mejorar la navegaci\u00f3n y la experiencia del usuario.<\/p>\n<p>Entre las medidas adoptadas:<\/p>\n<p><strong>Bot\u00f3n lateral derecho de Accesibilidad<\/strong><\/p>\n<p>En todas las p\u00e1ginas de la web, cuentan con un bot\u00f3n en el lateral izquierdo con s\u00edmbolo de accesibilidad, que cuando pinchamos en el se abre un \u00abpop up\u00bb con las diferentes opciones de accesibilidad visual que pueden afectar a la p\u00e1gina web.<\/p>\n<p><strong>Atajos de teclado<\/strong><\/p>\n<ul>\n<li class=\"relative ml-5 list-disc\">Internet Explorer 6 o superiores: ALT + Tecla de acceso r\u00e1pido + Tecla ENTER<\/li>\n<li class=\"relative ml-5 list-disc\">Mozilla Firefox 2.0 o superiores: ALT + MAYUSCULAS + Tecla de acceso r\u00e1pido (configuraci\u00f3n \u2013 avanzada en navegador con dos teclas)<\/li>\n<li class=\"relative ml-5 list-disc\">Opera: Tecla May\u00fasculas + Esc para activar las teclas de acceso r\u00e1pido<\/li>\n<li class=\"relative ml-5 list-disc\">Safari: COMMAND + Tecla de acceso r\u00e1pido<\/li>\n<li class=\"relative ml-5 list-disc\">Chrome: Seg\u00fan sistema operativo (Definido debajo)<\/li>\n<li class=\"relative ml-5 list-disc\">MacOS: COMMAND + Tecla de acceso r\u00e1pido.<\/li>\n<li class=\"relative ml-5 list-disc\">Windows: CTRL + Tecla de acceso r\u00e1pido.<\/li>\n<\/ul>\n<p>[\/et_pb_text][\/et_pb_column][\/et_pb_row][\/et_pb_section]<\/p>\n","protected":false},"excerpt":{"rendered":"<p>Declaraci\u00f3n de accesibilidad WebActualizado: 24\/3\/2026 De Moda se compromete en hacer accesible su sitio web de conformidad con el\u00a0Real Decreto 1112\/2018, sobre accesibilidad de los sitios webs y aplicaciones para dispositivos m\u00f3viles del sector p\u00fablico.\u00a0 La presente declaraci\u00f3n de accesibilidad se aplica al sitio web De Moda Fuerteventura. Situaci\u00f3n de cumplimiento Este sitio web es\u00a0plenamente\u00a0conforme\u00a0con [&hellip;]<\/p>\n","protected":false},"author":1,"featured_media":0,"parent":0,"menu_order":0,"comment_status":"closed","ping_status":"closed","template":"","meta":{"_et_pb_use_builder":"on","_et_pb_old_content":"","_et_gb_content_width":"","footnotes":""},"class_list":["post-217","page","type-page","status-publish","hentry"],"yoast_head":"<!-- This site is optimized with the Yoast SEO plugin v27.4 - https:\/\/yoast.com\/product\/yoast-seo-wordpress\/ -->\n<title>Declaracion de accesibilidad web - De Moda Fuerteventura<\/title>\n<meta name=\"robots\" content=\"index, follow, max-snippet:-1, max-image-preview:large, max-video-preview:-1\" \/>\n<link rel=\"canonical\" href=\"https:\/\/demodafuerteventura.es\/index.php\/declaracion-de-accesibilidad-web\/\" \/>\n<meta property=\"og:locale\" content=\"es_ES\" \/>\n<meta property=\"og:type\" content=\"article\" \/>\n<meta property=\"og:title\" content=\"Declaracion de accesibilidad web - De Moda Fuerteventura\" \/>\n<meta property=\"og:description\" content=\"Declaraci\u00f3n de accesibilidad WebActualizado: 24\/3\/2026 De Moda se compromete en hacer accesible su sitio web de conformidad con el\u00a0Real Decreto 1112\/2018, sobre accesibilidad de los sitios webs y aplicaciones para dispositivos m\u00f3viles del sector p\u00fablico.\u00a0 La presente declaraci\u00f3n de accesibilidad se aplica al sitio web De Moda Fuerteventura. Situaci\u00f3n de cumplimiento Este sitio web es\u00a0plenamente\u00a0conforme\u00a0con [&hellip;]\" \/>\n<meta property=\"og:url\" content=\"https:\/\/demodafuerteventura.es\/index.php\/declaracion-de-accesibilidad-web\/\" \/>\n<meta property=\"og:site_name\" content=\"De Moda Fuerteventura\" \/>\n<meta property=\"article:modified_time\" content=\"2026-03-24T18:41:14+00:00\" \/>\n<meta name=\"twitter:card\" content=\"summary_large_image\" \/>\n<script type=\"application\/ld+json\" class=\"yoast-schema-graph\">{\"@context\":\"https:\\\/\\\/schema.org\",\"@graph\":[{\"@type\":\"WebPage\",\"@id\":\"https:\\\/\\\/demodafuerteventura.es\\\/index.php\\\/declaracion-de-accesibilidad-web\\\/\",\"url\":\"https:\\\/\\\/demodafuerteventura.es\\\/index.php\\\/declaracion-de-accesibilidad-web\\\/\",\"name\":\"Declaracion de accesibilidad web - De Moda Fuerteventura\",\"isPartOf\":{\"@id\":\"https:\\\/\\\/demodafuerteventura.es\\\/#website\"},\"datePublished\":\"2026-03-24T12:01:01+00:00\",\"dateModified\":\"2026-03-24T18:41:14+00:00\",\"breadcrumb\":{\"@id\":\"https:\\\/\\\/demodafuerteventura.es\\\/index.php\\\/declaracion-de-accesibilidad-web\\\/#breadcrumb\"},\"inLanguage\":\"es\",\"potentialAction\":[{\"@type\":\"ReadAction\",\"target\":[\"https:\\\/\\\/demodafuerteventura.es\\\/index.php\\\/declaracion-de-accesibilidad-web\\\/\"]}]},{\"@type\":\"BreadcrumbList\",\"@id\":\"https:\\\/\\\/demodafuerteventura.es\\\/index.php\\\/declaracion-de-accesibilidad-web\\\/#breadcrumb\",\"itemListElement\":[{\"@type\":\"ListItem\",\"position\":1,\"name\":\"Portada\",\"item\":\"https:\\\/\\\/demodafuerteventura.es\\\/\"},{\"@type\":\"ListItem\",\"position\":2,\"name\":\"Declaracion de accesibilidad web\"}]},{\"@type\":\"WebSite\",\"@id\":\"https:\\\/\\\/demodafuerteventura.es\\\/#website\",\"url\":\"https:\\\/\\\/demodafuerteventura.es\\\/\",\"name\":\"De Moda Fuerteventura\",\"description\":\"Tienda de moda local en Fuerteventura\",\"potentialAction\":[{\"@type\":\"SearchAction\",\"target\":{\"@type\":\"EntryPoint\",\"urlTemplate\":\"https:\\\/\\\/demodafuerteventura.es\\\/?s={search_term_string}\"},\"query-input\":{\"@type\":\"PropertyValueSpecification\",\"valueRequired\":true,\"valueName\":\"search_term_string\"}}],\"inLanguage\":\"es\"}]}<\/script>\n<!-- \/ Yoast SEO plugin. -->","yoast_head_json":{"title":"Declaracion de accesibilidad web - De Moda Fuerteventura","robots":{"index":"index","follow":"follow","max-snippet":"max-snippet:-1","max-image-preview":"max-image-preview:large","max-video-preview":"max-video-preview:-1"},"canonical":"https:\/\/demodafuerteventura.es\/index.php\/declaracion-de-accesibilidad-web\/","og_locale":"es_ES","og_type":"article","og_title":"Declaracion de accesibilidad web - De Moda Fuerteventura","og_description":"Declaraci\u00f3n de accesibilidad WebActualizado: 24\/3\/2026 De Moda se compromete en hacer accesible su sitio web de conformidad con el\u00a0Real Decreto 1112\/2018, sobre accesibilidad de los sitios webs y aplicaciones para dispositivos m\u00f3viles del sector p\u00fablico.\u00a0 La presente declaraci\u00f3n de accesibilidad se aplica al sitio web De Moda Fuerteventura. Situaci\u00f3n de cumplimiento Este sitio web es\u00a0plenamente\u00a0conforme\u00a0con [&hellip;]","og_url":"https:\/\/demodafuerteventura.es\/index.php\/declaracion-de-accesibilidad-web\/","og_site_name":"De Moda Fuerteventura","article_modified_time":"2026-03-24T18:41:14+00:00","twitter_card":"summary_large_image","schema":{"@context":"https:\/\/schema.org","@graph":[{"@type":"WebPage","@id":"https:\/\/demodafuerteventura.es\/index.php\/declaracion-de-accesibilidad-web\/","url":"https:\/\/demodafuerteventura.es\/index.php\/declaracion-de-accesibilidad-web\/","name":"Declaracion de accesibilidad web - De Moda Fuerteventura","isPartOf":{"@id":"https:\/\/demodafuerteventura.es\/#website"},"datePublished":"2026-03-24T12:01:01+00:00","dateModified":"2026-03-24T18:41:14+00:00","breadcrumb":{"@id":"https:\/\/demodafuerteventura.es\/index.php\/declaracion-de-accesibilidad-web\/#breadcrumb"},"inLanguage":"es","potentialAction":[{"@type":"ReadAction","target":["https:\/\/demodafuerteventura.es\/index.php\/declaracion-de-accesibilidad-web\/"]}]},{"@type":"BreadcrumbList","@id":"https:\/\/demodafuerteventura.es\/index.php\/declaracion-de-accesibilidad-web\/#breadcrumb","itemListElement":[{"@type":"ListItem","position":1,"name":"Portada","item":"https:\/\/demodafuerteventura.es\/"},{"@type":"ListItem","position":2,"name":"Declaracion de accesibilidad web"}]},{"@type":"WebSite","@id":"https:\/\/demodafuerteventura.es\/#website","url":"https:\/\/demodafuerteventura.es\/","name":"De Moda Fuerteventura","description":"Tienda de moda local en Fuerteventura","potentialAction":[{"@type":"SearchAction","target":{"@type":"EntryPoint","urlTemplate":"https:\/\/demodafuerteventura.es\/?s={search_term_string}"},"query-input":{"@type":"PropertyValueSpecification","valueRequired":true,"valueName":"search_term_string"}}],"inLanguage":"es"}]}},"_links":{"self":[{"href":"https:\/\/demodafuerteventura.es\/index.php\/wp-json\/wp\/v2\/pages\/217","targetHints":{"allow":["GET"]}}],"collection":[{"href":"https:\/\/demodafuerteventura.es\/index.php\/wp-json\/wp\/v2\/pages"}],"about":[{"href":"https:\/\/demodafuerteventura.es\/index.php\/wp-json\/wp\/v2\/types\/page"}],"author":[{"embeddable":true,"href":"https:\/\/demodafuerteventura.es\/index.php\/wp-json\/wp\/v2\/users\/1"}],"replies":[{"embeddable":true,"href":"https:\/\/demodafuerteventura.es\/index.php\/wp-json\/wp\/v2\/comments?post=217"}],"version-history":[{"count":3,"href":"https:\/\/demodafuerteventura.es\/index.php\/wp-json\/wp\/v2\/pages\/217\/revisions"}],"predecessor-version":[{"id":221,"href":"https:\/\/demodafuerteventura.es\/index.php\/wp-json\/wp\/v2\/pages\/217\/revisions\/221"}],"wp:attachment":[{"href":"https:\/\/demodafuerteventura.es\/index.php\/wp-json\/wp\/v2\/media?parent=217"}],"curies":[{"name":"wp","href":"https:\/\/api.w.org\/{rel}","templated":true}]}}