{"id":211,"date":"2026-03-24T12:01:01","date_gmt":"2026-03-24T12:01:01","guid":{"rendered":"https:\/\/demodafuerteventura.es\/?page_id=211"},"modified":"2026-03-25T09:23:44","modified_gmt":"2026-03-25T09:23:44","slug":"aviso-legal","status":"publish","type":"page","link":"https:\/\/demodafuerteventura.es\/index.php\/aviso-legal\/","title":{"rendered":"Aviso Legal"},"content":{"rendered":"\n[et_pb_section fb_built=\u00bb1&#8243; admin_label=\u00bbHeader\u00bb module_id=\u00bbinicio\u00bb _builder_version=\u00bb4.27.6&#8243; background_enable_color=\u00bboff\u00bb custom_padding=\u00bb0px||3px|||\u00bb global_colors_info=\u00bb{}\u00bb][et_pb_row _builder_version=\u00bb4.27.6&#8243; width=\u00bb100%\u00bb max_width=\u00bb2560px\u00bb global_colors_info=\u00bb{}\u00bb][et_pb_column type=\u00bb4_4&#8243; _builder_version=\u00bb4.27.6&#8243; z_index=\u00bb12&#8243; custom_padding=\u00bb||||false|false\u00bb custom_padding_tablet=\u00bb0px||||false|false\u00bb custom_padding_phone=\u00bb\u00bb custom_padding_last_edited=\u00bbon|tablet\u00bb global_colors_info=\u00bb{}\u00bb][et_pb_text _builder_version=\u00bb4.27.6&#8243; text_font=\u00bbRubik|300|||||||\u00bb text_text_color=\u00bb#2a2a2a\u00bb text_font_size=\u00bb24px\u00bb text_line_height=\u00bb1.4em\u00bb header_font=\u00bbRubik|700||on|||||\u00bb header_font_size=\u00bb80px\u00bb header_letter_spacing=\u00bb0.1em\u00bb header_line_height=\u00bb1.1em\u00bb header_2_font_size=\u00bb96px\u00bb header_3_font_size=\u00bb96px\u00bb header_4_font_size=\u00bb96px\u00bb header_5_font_size=\u00bb96px\u00bb header_6_font_size=\u00bb96px\u00bb text_orientation=\u00bbright\u00bb text_font_size_tablet=\u00bb\u00bb text_font_size_phone=\u00bb20px\u00bb text_font_size_last_edited=\u00bbon|desktop\u00bb header_text_align_tablet=\u00bbcenter\u00bb header_text_align_phone=\u00bbcenter\u00bb header_text_align_last_edited=\u00bbon|phone\u00bb header_font_size_tablet=\u00bb56px\u00bb header_font_size_phone=\u00bb30px\u00bb header_font_size_last_edited=\u00bbon|phone\u00bb header_2_font_size_tablet=\u00bb56px\u00bb header_2_font_size_phone=\u00bb30px\u00bb header_2_font_size_last_edited=\u00bbon|phone\u00bb header_3_font_size_tablet=\u00bb56px\u00bb header_3_font_size_phone=\u00bb30px\u00bb header_3_font_size_last_edited=\u00bbon|phone\u00bb header_4_font_size_tablet=\u00bb56px\u00bb header_4_font_size_phone=\u00bb30px\u00bb header_4_font_size_last_edited=\u00bbon|phone\u00bb header_5_font_size_tablet=\u00bb56px\u00bb header_5_font_size_phone=\u00bb30px\u00bb header_5_font_size_last_edited=\u00bbon|phone\u00bb header_6_font_size_tablet=\u00bb56px\u00bb header_6_font_size_phone=\u00bb30px\u00bb header_6_font_size_last_edited=\u00bbon|phone\u00bb text_orientation_tablet=\u00bbleft\u00bb text_orientation_phone=\u00bbcenter\u00bb text_orientation_last_edited=\u00bbon|tablet\u00bb global_colors_info=\u00bb{}\u00bb]<h1 style=\"text-align: center;\">Aviso Legal<\/h1>[\/et_pb_text][\/et_pb_column][\/et_pb_row][\/et_pb_section][et_pb_section fb_built=\u00bb1&#8243; disabled_on=\u00bboff|off|off\u00bb admin_label=\u00bbSpecial Offer\u00bb module_id=\u00bbsobre-nosotras\u00bb _builder_version=\u00bb4.27.6&#8243; background_enable_image=\u00bboff\u00bb background_size=\u00bbinitial\u00bb custom_padding=\u00bb0px||0px|||\u00bb background_last_edited=\u00bbon|tablet\u00bb use_background_color_gradient_tablet=\u00bboff\u00bb global_colors_info=\u00bb{}\u00bb][et_pb_row _builder_version=\u00bb4.27.6&#8243; _module_preset=\u00bbdefault\u00bb global_colors_info=\u00bb{}\u00bb][et_pb_column type=\u00bb4_4&#8243; _builder_version=\u00bb4.27.6&#8243; _module_preset=\u00bbdefault\u00bb global_colors_info=\u00bb{}\u00bb][et_pb_text _builder_version=\u00bb4.27.6&#8243; text_text_color=\u00bbrgba(0,0,0,0.44)\u00bb text_font_size=\u00bb18px\u00bb text_line_height=\u00bb1.8em\u00bb header_4_font=\u00bbRubik|500|||||||\u00bb header_4_font_size=\u00bb16px\u00bb header_4_line_height=\u00bb1.8em\u00bb custom_margin=\u00bb||16px||false|false\u00bb hover_enabled=\u00bb0&#8243; locked=\u00bboff\u00bb global_colors_info=\u00bb{}\u00bb sticky_enabled=\u00bb0&#8243;]<p><strong>1. Informaci\u00f3n corporativa.\u00a0<\/strong>En virtud de las obligaciones establecidas por la Ley 34\/2002, de Servicios de la Sociedad de la Informaci\u00f3n y de Comercio Electr\u00f3nico, le informamos que el presente sitio web es propiedad de De Moda con C.I.F. 43648946Y con domicilio en Calle Salamanca, 5 local bajo y con los siguientes datos de contacto: 928 53 00 01\/ info@demodafuerteventura.es.<\/p>\n            <p ><strong>2. Protecci\u00f3n de contenidos.\u00a0<\/strong>El usuario reconoce y acepta que todos los derechos de propiedad industrial e intelectual sobre los contenidos y\/o cualesquiera otros elementos insertados por De Moda en el presente Sitio Web (incluyendo, a t\u00edtulo meramente enunciativo y no limitativo, todos aquellos elementos que conforman la apariencia visual, imagen gr\u00e1fica y otros est\u00edmulos sensoriales del sitio web o \u00ablook and feel\u00bb: marcas, logotipos, nombres comerciales, textos, im\u00e1genes, gr\u00e1ficos, dise\u00f1os, sonidos, bases de datos, software, diagramas de flujo, presentaci\u00f3n, arquitectura de navegaci\u00f3n, as\u00ed como los c\u00f3digos fuente de las p\u00e1ginas web) pertenecen a De Moda y\/o a terceros a los cuales les han cedido sus derechos.<\/p>\n            <p >En ning\u00fan caso el acceso al Sitio Web implica alg\u00fan tipo de permiso, renuncia, transmisi\u00f3n, licencia o cesi\u00f3n total ni parcial de dichos derechos por parte de sus titulares, salvo que se establezca expresamente lo contrario. Los presentes t\u00e9rminos y condiciones de uso del Sitio Web no confieren a los USUARIOS ning\u00fan otro derecho de utilizaci\u00f3n, alteraci\u00f3n, explotaci\u00f3n, reproducci\u00f3n, distribuci\u00f3n o comunicaci\u00f3n p\u00fablica del Sitio Web y\/o de sus contenidos distintos de los aqu\u00ed expresamente previstos.<\/p>\n            <p >Queda terminantemente prohibida la utilizaci\u00f3n de tales elementos, su total o parcial reproducci\u00f3n, comunicaci\u00f3n y\/o distribuci\u00f3n con fines comerciales o lucrativos, as\u00ed como su modificaci\u00f3n, alteraci\u00f3n, descompilaci\u00f3n y\/o cualquier otro acto de explotaci\u00f3n del Sitio Web.<\/p>\n            <p >Sin perjuicio de todo lo anterior, si el Usuario o un tercero estima que alg\u00fan contenido del Sitio Web pudiera vulnerar derechos de propiedad intelectual e industrial, rogamos as\u00ed lo pongan en nuestro conocimiento a la mayor brevedad posible.<\/p>\n            <p ><strong>3. Acceso y uso del sitio web.\u00a0<\/strong>Tanto el acceso al Sitio Web como el uso no consentido que pueda efectuarse de la informaci\u00f3n contenida en el mismo es de la exclusiva responsabilidad de quien lo realiza.<\/p>\n            <p >El usuario se compromete a utilizar los contenidos, informaci\u00f3n y datos del Sitio Web de conformidad con las presentes condiciones, t\u00e9rminos y pol\u00edticas, con la normativa de aplicaci\u00f3n y con las buenas costumbres generalmente aceptadas y el orden p\u00fablico.<\/p>\n            <p >El usuario se obliga a abstenerse de utilizar los contenidos del Sitio Web con fines o efectos il\u00edcitos, prohibidos o contrarios a los aqu\u00ed establecidos, lesivos de los derechos e intereses de De Moda, de los dem\u00e1s usuarios, de terceros o que de cualquier forma puedan da\u00f1ar, inutilizar, sobrecargar o deteriorar el presente Sitio Web o impedir la normal utilizaci\u00f3n o disfrute del mismo por parte de los usuarios.<\/p>\n            <p >De Moda no responder\u00e1 de ninguna consecuencia, da\u00f1o o perjuicio que pudiera derivarse de dicho acceso o uso o del incumplimiento de las presentes condiciones, t\u00e9rminos y pol\u00edticas ni se har\u00e1 responsable de los errores de seguridad que se puedan producir ni de los da\u00f1os que puedan causarse al sistema inform\u00e1tico del usuario (hardware y software) o a los ficheros o documentos almacenados en el mismo como consecuencia de: (i) la presencia de un virus en el ordenador del usuario que sea utilizado para la conexi\u00f3n a los servicios y\/o productos ofrecidos por De Moda a trav\u00e9s de su Sitio Web; (ii) un mal funcionamiento del navegador; (iii) el uso de versiones no actualizadas del mismo.<\/p>\n            <p ><strong>4. Enlaces a terceros.\u00a0<\/strong>En el presente Sitio Web se pueden utilizar enlaces con otras p\u00e1ginas o sitios web. De Moda no se responsabiliza ni del contenido ni de las medidas de seguridad adoptadas por cualquier otra p\u00e1gina o sitio web a trav\u00e9s del cual se tiene acceso desde el presente Sitio Web, sitios a los que accede el interesado bajo su exclusiva responsabilidad.<\/p>\n            <p >Asimismo, tampoco se garantiza la ausencia de virus u otros elementos en los contenidos enlazados desde el Sitio Web de De Moda que puedan producir alteraciones en el sistema inform\u00e1tico (hardware y software) y\/o en los documentos o los ficheros del Usuario, excluyendo asimismo a De Moda de toda responsabilidad derivada de los da\u00f1os de cualquier \u00edndole ocasionados por todo lo anterior.<\/p>\n            <p ><strong>5. Redes sociales.<\/strong><\/p>\n            <p >Le informamos qu\u00e9 De Moda\u00a0puede tener presencia en redes sociales. El tratamiento de los datos que se lleve a cabo de las personas que se hagan seguidoras en las redes sociales (y\/o realicen cualquier v\u00ednculo o acci\u00f3n de conexi\u00f3n a trav\u00e9s de las redes sociales) de las p\u00e1ginas oficiales de De Moda\u00a0se regir\u00e1 por este apartado, as\u00ed como por aquellas condiciones de uso, pol\u00edticas de privacidad y normativas de acceso que pertenezcan a la red social que proceda en cada caso y aceptadas previamente por el usuario.<\/p>\n            <p >De Moda tratar\u00e1 sus datos con las finalidades de administrar correctamente su presencia en la red social, inform\u00e1ndole de actividades productos o servicios de De Moda, as\u00ed como para cualquier otra finalidad que las normativas de las Redes Sociales permitan.<\/p>\n            <p >Queda prohibida la publicaci\u00f3n de contenidos:<\/p>\n            \n            <ul>\n                <li>Que sean presuntamente il\u00edcitos por la normativa nacional, comunitaria o internacional o que realicen actividades presuntamente il\u00edcitas o contravengan los principios de la buena fe.<\/li>\n                <li>Que atenten contra los derechos fundamentales de las personas, falten a la cortes\u00eda en la red, molesten o puedan generar opiniones negativas en nuestros usuarios o terceros y en general cualesquiera sean los contenidos que De Moda\u00a0considere no apropiados.<\/li>\n                <li>Y en general que contravengan los principios de legalidad, honradez, responsabilidad, protecci\u00f3n de la dignidad humana, protecci\u00f3n de menores, protecci\u00f3n del orden p\u00fablico, la protecci\u00f3n de la vida privada, la protecci\u00f3n del consumidor y los derechos de propiedad intelectual e industrial.<\/li>\n            <\/ul>\n            <p >Asimismo, De Moda se reserva la potestad de retirar, sin previo aviso del sitio web o de la red social corporativa aquellos contenidos que se consideren no apropiados.<\/p>\n            <p ><strong>6. Modificaci\u00f3n de AVISO LEGAL, Pol\u00edtica de Privacidad y de Protecci\u00f3n de Datos.\u00a0<\/strong>El Responsable del Fichero se reserva el derecho a modificar en todo momento y sin previo aviso las presentes condiciones, t\u00e9rminos y pol\u00edticas de privacidad para adaptarlas a las novedades legislativas o jurisprudenciales as\u00ed como a las modificaciones o pr\u00e1cticas de la industria, debiendo el usuario consultar peri\u00f3dicamente las presentes condiciones, t\u00e9rminos y pol\u00edticas a fin de comprobar o cerciorarse de la existencia de cambios en las mismas, tomando como referencia la fecha de la \u00faltima actualizaci\u00f3n.<\/p>\n            [\/et_pb_text][\/et_pb_column][\/et_pb_row][\/et_pb_section]\n","protected":false},"excerpt":{"rendered":"<p>Aviso Legal1. Informaci\u00f3n corporativa.\u00a0En virtud de las obligaciones establecidas por la Ley 34\/2002, de Servicios de la Sociedad de la Informaci\u00f3n y de Comercio Electr\u00f3nico, le informamos que el presente sitio web es propiedad de De Moda con C.I.F. 43648946Y con domicilio en Calle Salamanca, 5 local bajo y con los siguientes datos de contacto: [&hellip;]<\/p>\n","protected":false},"author":1,"featured_media":0,"parent":0,"menu_order":0,"comment_status":"closed","ping_status":"closed","template":"","meta":{"_et_pb_use_builder":"on","_et_pb_old_content":"","_et_gb_content_width":"","footnotes":""},"class_list":["post-211","page","type-page","status-publish","hentry"],"yoast_head":"<!-- This site is optimized with the Yoast SEO plugin v27.4 - https:\/\/yoast.com\/product\/yoast-seo-wordpress\/ -->\n<title>Aviso Legal - De Moda Fuerteventura<\/title>\n<meta name=\"robots\" content=\"index, follow, max-snippet:-1, max-image-preview:large, max-video-preview:-1\" \/>\n<link rel=\"canonical\" href=\"https:\/\/demodafuerteventura.es\/index.php\/aviso-legal\/\" \/>\n<meta property=\"og:locale\" content=\"es_ES\" \/>\n<meta property=\"og:type\" content=\"article\" \/>\n<meta property=\"og:title\" content=\"Aviso Legal - De Moda Fuerteventura\" \/>\n<meta property=\"og:description\" content=\"Aviso Legal1. Informaci\u00f3n corporativa.\u00a0En virtud de las obligaciones establecidas por la Ley 34\/2002, de Servicios de la Sociedad de la Informaci\u00f3n y de Comercio Electr\u00f3nico, le informamos que el presente sitio web es propiedad de De Moda con C.I.F. 43648946Y con domicilio en Calle Salamanca, 5 local bajo y con los siguientes datos de contacto: [&hellip;]\" \/>\n<meta property=\"og:url\" content=\"https:\/\/demodafuerteventura.es\/index.php\/aviso-legal\/\" \/>\n<meta property=\"og:site_name\" content=\"De Moda Fuerteventura\" \/>\n<meta property=\"article:modified_time\" content=\"2026-03-25T09:23:44+00:00\" \/>\n<meta name=\"twitter:card\" content=\"summary_large_image\" \/>\n<meta name=\"twitter:label1\" content=\"Tiempo de lectura\" \/>\n\t<meta name=\"twitter:data1\" content=\"5 minutos\" \/>\n<script type=\"application\/ld+json\" class=\"yoast-schema-graph\">{\"@context\":\"https:\\\/\\\/schema.org\",\"@graph\":[{\"@type\":\"WebPage\",\"@id\":\"https:\\\/\\\/demodafuerteventura.es\\\/index.php\\\/aviso-legal\\\/\",\"url\":\"https:\\\/\\\/demodafuerteventura.es\\\/index.php\\\/aviso-legal\\\/\",\"name\":\"Aviso Legal - De Moda Fuerteventura\",\"isPartOf\":{\"@id\":\"https:\\\/\\\/demodafuerteventura.es\\\/#website\"},\"datePublished\":\"2026-03-24T12:01:01+00:00\",\"dateModified\":\"2026-03-25T09:23:44+00:00\",\"breadcrumb\":{\"@id\":\"https:\\\/\\\/demodafuerteventura.es\\\/index.php\\\/aviso-legal\\\/#breadcrumb\"},\"inLanguage\":\"es\",\"potentialAction\":[{\"@type\":\"ReadAction\",\"target\":[\"https:\\\/\\\/demodafuerteventura.es\\\/index.php\\\/aviso-legal\\\/\"]}]},{\"@type\":\"BreadcrumbList\",\"@id\":\"https:\\\/\\\/demodafuerteventura.es\\\/index.php\\\/aviso-legal\\\/#breadcrumb\",\"itemListElement\":[{\"@type\":\"ListItem\",\"position\":1,\"name\":\"Portada\",\"item\":\"https:\\\/\\\/demodafuerteventura.es\\\/\"},{\"@type\":\"ListItem\",\"position\":2,\"name\":\"Aviso Legal\"}]},{\"@type\":\"WebSite\",\"@id\":\"https:\\\/\\\/demodafuerteventura.es\\\/#website\",\"url\":\"https:\\\/\\\/demodafuerteventura.es\\\/\",\"name\":\"De Moda Fuerteventura\",\"description\":\"Tienda de moda local en Fuerteventura\",\"potentialAction\":[{\"@type\":\"SearchAction\",\"target\":{\"@type\":\"EntryPoint\",\"urlTemplate\":\"https:\\\/\\\/demodafuerteventura.es\\\/?s={search_term_string}\"},\"query-input\":{\"@type\":\"PropertyValueSpecification\",\"valueRequired\":true,\"valueName\":\"search_term_string\"}}],\"inLanguage\":\"es\"}]}<\/script>\n<!-- \/ Yoast SEO plugin. -->","yoast_head_json":{"title":"Aviso Legal - De Moda Fuerteventura","robots":{"index":"index","follow":"follow","max-snippet":"max-snippet:-1","max-image-preview":"max-image-preview:large","max-video-preview":"max-video-preview:-1"},"canonical":"https:\/\/demodafuerteventura.es\/index.php\/aviso-legal\/","og_locale":"es_ES","og_type":"article","og_title":"Aviso Legal - De Moda Fuerteventura","og_description":"Aviso Legal1. Informaci\u00f3n corporativa.\u00a0En virtud de las obligaciones establecidas por la Ley 34\/2002, de Servicios de la Sociedad de la Informaci\u00f3n y de Comercio Electr\u00f3nico, le informamos que el presente sitio web es propiedad de De Moda con C.I.F. 43648946Y con domicilio en Calle Salamanca, 5 local bajo y con los siguientes datos de contacto: [&hellip;]","og_url":"https:\/\/demodafuerteventura.es\/index.php\/aviso-legal\/","og_site_name":"De Moda Fuerteventura","article_modified_time":"2026-03-25T09:23:44+00:00","twitter_card":"summary_large_image","twitter_misc":{"Tiempo de lectura":"5 minutos"},"schema":{"@context":"https:\/\/schema.org","@graph":[{"@type":"WebPage","@id":"https:\/\/demodafuerteventura.es\/index.php\/aviso-legal\/","url":"https:\/\/demodafuerteventura.es\/index.php\/aviso-legal\/","name":"Aviso Legal - De Moda Fuerteventura","isPartOf":{"@id":"https:\/\/demodafuerteventura.es\/#website"},"datePublished":"2026-03-24T12:01:01+00:00","dateModified":"2026-03-25T09:23:44+00:00","breadcrumb":{"@id":"https:\/\/demodafuerteventura.es\/index.php\/aviso-legal\/#breadcrumb"},"inLanguage":"es","potentialAction":[{"@type":"ReadAction","target":["https:\/\/demodafuerteventura.es\/index.php\/aviso-legal\/"]}]},{"@type":"BreadcrumbList","@id":"https:\/\/demodafuerteventura.es\/index.php\/aviso-legal\/#breadcrumb","itemListElement":[{"@type":"ListItem","position":1,"name":"Portada","item":"https:\/\/demodafuerteventura.es\/"},{"@type":"ListItem","position":2,"name":"Aviso Legal"}]},{"@type":"WebSite","@id":"https:\/\/demodafuerteventura.es\/#website","url":"https:\/\/demodafuerteventura.es\/","name":"De Moda Fuerteventura","description":"Tienda de moda local en Fuerteventura","potentialAction":[{"@type":"SearchAction","target":{"@type":"EntryPoint","urlTemplate":"https:\/\/demodafuerteventura.es\/?s={search_term_string}"},"query-input":{"@type":"PropertyValueSpecification","valueRequired":true,"valueName":"search_term_string"}}],"inLanguage":"es"}]}},"_links":{"self":[{"href":"https:\/\/demodafuerteventura.es\/index.php\/wp-json\/wp\/v2\/pages\/211","targetHints":{"allow":["GET"]}}],"collection":[{"href":"https:\/\/demodafuerteventura.es\/index.php\/wp-json\/wp\/v2\/pages"}],"about":[{"href":"https:\/\/demodafuerteventura.es\/index.php\/wp-json\/wp\/v2\/types\/page"}],"author":[{"embeddable":true,"href":"https:\/\/demodafuerteventura.es\/index.php\/wp-json\/wp\/v2\/users\/1"}],"replies":[{"embeddable":true,"href":"https:\/\/demodafuerteventura.es\/index.php\/wp-json\/wp\/v2\/comments?post=211"}],"version-history":[{"count":3,"href":"https:\/\/demodafuerteventura.es\/index.php\/wp-json\/wp\/v2\/pages\/211\/revisions"}],"predecessor-version":[{"id":256,"href":"https:\/\/demodafuerteventura.es\/index.php\/wp-json\/wp\/v2\/pages\/211\/revisions\/256"}],"wp:attachment":[{"href":"https:\/\/demodafuerteventura.es\/index.php\/wp-json\/wp\/v2\/media?parent=211"}],"curies":[{"name":"wp","href":"https:\/\/api.w.org\/{rel}","templated":true}]}}