{"id":205,"date":"2026-03-24T12:01:01","date_gmt":"2026-03-24T12:01:01","guid":{"rendered":"https:\/\/demodafuerteventura.es\/?page_id=205"},"modified":"2026-03-24T18:34:51","modified_gmt":"2026-03-24T18:34:51","slug":"terminos-de-uso","status":"publish","type":"page","link":"https:\/\/demodafuerteventura.es\/index.php\/terminos-de-uso\/","title":{"rendered":"Terminos de uso"},"content":{"rendered":"<p>[et_pb_section fb_built=\u00bb1&#8243; admin_label=\u00bbHeader\u00bb module_id=\u00bbinicio\u00bb _builder_version=\u00bb4.27.6&#8243; background_enable_color=\u00bboff\u00bb hover_enabled=\u00bb0&#8243; global_colors_info=\u00bb{}\u00bb sticky_enabled=\u00bb0&#8243; custom_padding=\u00bb0px||3px|||\u00bb][et_pb_row _builder_version=\u00bb4.27.6&#8243; width=\u00bb100%\u00bb max_width=\u00bb2560px\u00bb hover_enabled=\u00bb0&#8243; global_colors_info=\u00bb{}\u00bb sticky_enabled=\u00bb0&#8243;][et_pb_column type=\u00bb4_4&#8243; _builder_version=\u00bb4.27.6&#8243; z_index=\u00bb12&#8243; custom_padding=\u00bb||||false|false\u00bb custom_padding_tablet=\u00bb0px||||false|false\u00bb custom_padding_phone=\u00bb\u00bb custom_padding_last_edited=\u00bbon|tablet\u00bb hover_enabled=\u00bb0&#8243; global_colors_info=\u00bb{}\u00bb sticky_enabled=\u00bb0&#8243;][et_pb_text _builder_version=\u00bb4.27.6&#8243; text_font=\u00bbRubik|300|||||||\u00bb text_text_color=\u00bb#2a2a2a\u00bb text_font_size=\u00bb24px\u00bb text_line_height=\u00bb1.4em\u00bb header_font=\u00bbRubik|700||on|||||\u00bb header_font_size=\u00bb80px\u00bb header_letter_spacing=\u00bb0.1em\u00bb header_line_height=\u00bb1.1em\u00bb header_2_font_size=\u00bb96px\u00bb header_3_font_size=\u00bb96px\u00bb header_4_font_size=\u00bb96px\u00bb header_5_font_size=\u00bb96px\u00bb header_6_font_size=\u00bb96px\u00bb text_orientation=\u00bbright\u00bb hover_enabled=\u00bb0&#8243; text_font_size_tablet=\u00bb\u00bb text_font_size_phone=\u00bb20px\u00bb text_font_size_last_edited=\u00bbon|desktop\u00bb header_text_align_tablet=\u00bbcenter\u00bb header_text_align_phone=\u00bbcenter\u00bb header_text_align_last_edited=\u00bbon|phone\u00bb header_font_size_tablet=\u00bb56px\u00bb header_font_size_phone=\u00bb30px\u00bb header_font_size_last_edited=\u00bbon|phone\u00bb header_2_font_size_tablet=\u00bb56px\u00bb header_2_font_size_phone=\u00bb30px\u00bb header_2_font_size_last_edited=\u00bbon|phone\u00bb header_3_font_size_tablet=\u00bb56px\u00bb header_3_font_size_phone=\u00bb30px\u00bb header_3_font_size_last_edited=\u00bbon|phone\u00bb header_4_font_size_tablet=\u00bb56px\u00bb header_4_font_size_phone=\u00bb30px\u00bb header_4_font_size_last_edited=\u00bbon|phone\u00bb header_5_font_size_tablet=\u00bb56px\u00bb header_5_font_size_phone=\u00bb30px\u00bb header_5_font_size_last_edited=\u00bbon|phone\u00bb header_6_font_size_tablet=\u00bb56px\u00bb header_6_font_size_phone=\u00bb30px\u00bb header_6_font_size_last_edited=\u00bbon|phone\u00bb text_orientation_tablet=\u00bbleft\u00bb text_orientation_phone=\u00bbcenter\u00bb text_orientation_last_edited=\u00bbon|tablet\u00bb global_colors_info=\u00bb{}\u00bb sticky_enabled=\u00bb0&#8243;]<\/p>\n<h1 style=\"text-align: center;\">T\u00e9rminos de uso<\/h1>\n<p>[\/et_pb_text][\/et_pb_column][\/et_pb_row][\/et_pb_section][et_pb_section fb_built=\u00bb1&#8243; disabled_on=\u00bboff|off|off\u00bb admin_label=\u00bbSpecial Offer\u00bb module_id=\u00bbsobre-nosotras\u00bb _builder_version=\u00bb4.27.6&#8243; background_enable_image=\u00bboff\u00bb background_size=\u00bbinitial\u00bb custom_padding=\u00bb0px||0px|||\u00bb hover_enabled=\u00bb0&#8243; background_last_edited=\u00bbon|tablet\u00bb use_background_color_gradient_tablet=\u00bboff\u00bb global_colors_info=\u00bb{}\u00bb sticky_enabled=\u00bb0&#8243;][et_pb_row _builder_version=\u00bb4.27.6&#8243; _module_preset=\u00bbdefault\u00bb global_colors_info=\u00bb{}\u00bb][et_pb_column type=\u00bb4_4&#8243; _builder_version=\u00bb4.27.6&#8243; _module_preset=\u00bbdefault\u00bb global_colors_info=\u00bb{}\u00bb][et_pb_text _builder_version=\u00bb4.27.6&#8243; text_text_color=\u00bbrgba(0,0,0,0.44)\u00bb text_font_size=\u00bb18px\u00bb text_line_height=\u00bb1.8em\u00bb header_4_font=\u00bbRubik|500|||||||\u00bb header_4_font_size=\u00bb16px\u00bb header_4_line_height=\u00bb1.8em\u00bb custom_margin=\u00bb||16px||false|false\u00bb hover_enabled=\u00bb0&#8243; locked=\u00bboff\u00bb global_colors_info=\u00bb{}\u00bb sticky_enabled=\u00bb0&#8243;]<\/p>\n<p><strong>De Moda<\/strong>, como responsable del presente Sitio Web y de conformidad con lo dispuesto por la Ley Org\u00e1nica 15\/1999, de 13 de diciembre, de Protecci\u00f3n de Datos de Car\u00e1cter Personal (LOPD) y por la Ley 34\/2002, de 11 de julio, de Servicios de la Sociedad de la Informaci\u00f3n y de Comercio Electr\u00f3nico (LSSICE), ha puesto en pr\u00e1ctica aquellas pol\u00edticas, medios y procedimientos t\u00e9cnicos y organizativos para garantizar y proteger la confidencialidad, integridad y disponibilidad de los datos de car\u00e1cter personal de sus usuarios. Estos datos ser\u00e1n tratados en un\/os fichero\/s debidamente inscrito\/s en la Agencia Espa\u00f1ola de Protecci\u00f3n de Datos, de conformidad con lo establecido en la legislaci\u00f3n vigente.<\/p>\n<p>En el caso de que los<span>\u00a0<\/span><strong>datos<\/strong><span>\u00a0<\/span>a facilitar<span>\u00a0<\/span><strong>por el Usuario fueran necesarios<\/strong><span>\u00a0<\/span><strong>para<\/strong><span>\u00a0<\/span>que el equipo de<span> <strong>De Moda<\/strong><\/span>\u00a0pudiera i) responder a las<strong><span>\u00a0<\/span>consultas<\/strong>, proporcionar informaciones requeridas por el Usuario; ii) realizar toda aquella prestaci\u00f3n de<strong><span>\u00a0<\/span>servicios<\/strong><span>\u00a0<\/span>y\/o productos contratados o suscritos por el Usuario; iii) proporcionar acceso al Usuario a determinadas funcionalidades del Sitio Web; o bien iv) realizar todas aquellas<span>\u00a0<\/span><strong>actividades propias de<\/strong><span> <strong>De Moda<\/strong><\/span>\u00a0por la presente rese\u00f1adas,<span> <strong>De Moda<\/strong><\/span><strong>\u00a0informar\u00e1 de dicha obligatoriedad<\/strong><span>\u00a0<\/span>al Usuario, indic\u00e1ndole qu\u00e9 datos son de necesaria cumplimentaci\u00f3n. Mediante la indicaci\u00f3n, facilitaci\u00f3n o introducci\u00f3n de dichos datos y de conformidad con lo establecido en el art\u00edculo 6 de la L.O.P.D., el Usuario otorga consentimiento inequ\u00edvoco a<span> <strong>De Moda<\/strong><\/span><span>\u00a0<\/span>para que proceda al tratamiento de los datos facilitados en pro de los fines mencionados anteriormente as\u00ed como para el eventual env\u00edo de comunicaciones comerciales de<span> <strong>De Moda<\/strong><\/span>\u00a0que puedan ser del inter\u00e9s del usuario.<\/p>\n<p>La<span>\u00a0<\/span><strong>entidad responsable de la base de datos<\/strong>,<strong><span>\u00a0<\/span>as\u00ed como los que intervengan<\/strong><span>\u00a0<\/span>en cualquier fase del tratamiento y\/o las entidades a quienes les hayan sido comunicadas -en su caso y en virtud de la correspondiente autorizaci\u00f3n conferida por el Usuario-, est\u00e1n<span>\u00a0<\/span><strong>obligadas a observar el secreto profesional y a adoptar los niveles de protecci\u00f3n y<\/strong><span>\u00a0<\/span>las<strong><span>\u00a0<\/span>medidas<\/strong><span>\u00a0<\/span>t\u00e9cnicas y organizativas necesarias a su alcance que<span>\u00a0<\/span><strong>garanticen la seguridad de los datos<\/strong><span>\u00a0<\/span>de car\u00e1cter personal, evitando, en la medida de lo posible, accesos no autorizados, modificaciones il\u00edcitas, sustracciones y\/o la p\u00e9rdida de los datos, a fin de procurar el correspondiente nivel de seguridad a los ficheros de<span> <strong>De Moda<\/strong><\/span>, seg\u00fan la naturaleza y sensibilidad de los datos facilitados por los usuarios del presente Sitio Web. Asimismo,<span> <strong>De Moda<\/strong><\/span><span>\u00a0<\/span>se compromete a tener implementadas las medidas de seguridad que correspondan en virtud de lo establecido en el Reglamento de Medidas de (R.D. 1720\/2007).<\/p>\n<p>Los<span>\u00a0<\/span><strong>usuarios tienen<\/strong><span>\u00a0<\/span>reconocida por la indicada Ley Org\u00e1nica de Protecci\u00f3n de Datos los<span>\u00a0<\/span><strong>derechos de acceso, rectificaci\u00f3n, cancelaci\u00f3n y oposici\u00f3n y,<\/strong><span>\u00a0<\/span>en su caso, el derecho a<span>\u00a0<\/span><strong>revocar<\/strong><span>\u00a0<\/span>en<span>\u00a0<\/span><strong>cualquier momento<\/strong><span>\u00a0<\/span>el<span>\u00a0<\/span><strong>consentimiento<\/strong><span>\u00a0<\/span>prestado a la recepci\u00f3n de comunicaciones comerciales mediante el env\u00edo de<span>\u00a0<\/span><strong>correo electr\u00f3nico a info@demodafuerteventura.es<\/strong><span>\u00a0<\/span><strong>o carta<\/strong><span>\u00a0<\/span>a<strong><span> Calle Salamanca, 5 local bajo<\/span><b>.<\/b><\/strong><\/p>\n<p>[\/et_pb_text][\/et_pb_column][\/et_pb_row][\/et_pb_section]<\/p>\n","protected":false},"excerpt":{"rendered":"<p>T\u00e9rminos de usoDe Moda, como responsable del presente Sitio Web y de conformidad con lo dispuesto por la Ley Org\u00e1nica 15\/1999, de 13 de diciembre, de Protecci\u00f3n de Datos de Car\u00e1cter Personal (LOPD) y por la Ley 34\/2002, de 11 de julio, de Servicios de la Sociedad de la Informaci\u00f3n y de Comercio Electr\u00f3nico (LSSICE), [&hellip;]<\/p>\n","protected":false},"author":1,"featured_media":0,"parent":0,"menu_order":0,"comment_status":"closed","ping_status":"closed","template":"","meta":{"_et_pb_use_builder":"on","_et_pb_old_content":"","_et_gb_content_width":"","footnotes":""},"class_list":["post-205","page","type-page","status-publish","hentry"],"yoast_head":"<!-- This site is optimized with the Yoast SEO plugin v27.4 - https:\/\/yoast.com\/product\/yoast-seo-wordpress\/ -->\n<title>Terminos de uso - De Moda Fuerteventura<\/title>\n<meta name=\"robots\" content=\"index, follow, max-snippet:-1, max-image-preview:large, max-video-preview:-1\" \/>\n<link rel=\"canonical\" href=\"https:\/\/demodafuerteventura.es\/index.php\/terminos-de-uso\/\" \/>\n<meta property=\"og:locale\" content=\"es_ES\" \/>\n<meta property=\"og:type\" content=\"article\" \/>\n<meta property=\"og:title\" content=\"Terminos de uso - De Moda Fuerteventura\" \/>\n<meta property=\"og:description\" content=\"T\u00e9rminos de usoDe Moda, como responsable del presente Sitio Web y de conformidad con lo dispuesto por la Ley Org\u00e1nica 15\/1999, de 13 de diciembre, de Protecci\u00f3n de Datos de Car\u00e1cter Personal (LOPD) y por la Ley 34\/2002, de 11 de julio, de Servicios de la Sociedad de la Informaci\u00f3n y de Comercio Electr\u00f3nico (LSSICE), [&hellip;]\" \/>\n<meta property=\"og:url\" content=\"https:\/\/demodafuerteventura.es\/index.php\/terminos-de-uso\/\" \/>\n<meta property=\"og:site_name\" content=\"De Moda Fuerteventura\" \/>\n<meta property=\"article:modified_time\" content=\"2026-03-24T18:34:51+00:00\" \/>\n<meta name=\"twitter:card\" content=\"summary_large_image\" \/>\n<script type=\"application\/ld+json\" class=\"yoast-schema-graph\">{\"@context\":\"https:\\\/\\\/schema.org\",\"@graph\":[{\"@type\":\"WebPage\",\"@id\":\"https:\\\/\\\/demodafuerteventura.es\\\/index.php\\\/terminos-de-uso\\\/\",\"url\":\"https:\\\/\\\/demodafuerteventura.es\\\/index.php\\\/terminos-de-uso\\\/\",\"name\":\"Terminos de uso - De Moda Fuerteventura\",\"isPartOf\":{\"@id\":\"https:\\\/\\\/demodafuerteventura.es\\\/#website\"},\"datePublished\":\"2026-03-24T12:01:01+00:00\",\"dateModified\":\"2026-03-24T18:34:51+00:00\",\"breadcrumb\":{\"@id\":\"https:\\\/\\\/demodafuerteventura.es\\\/index.php\\\/terminos-de-uso\\\/#breadcrumb\"},\"inLanguage\":\"es\",\"potentialAction\":[{\"@type\":\"ReadAction\",\"target\":[\"https:\\\/\\\/demodafuerteventura.es\\\/index.php\\\/terminos-de-uso\\\/\"]}]},{\"@type\":\"BreadcrumbList\",\"@id\":\"https:\\\/\\\/demodafuerteventura.es\\\/index.php\\\/terminos-de-uso\\\/#breadcrumb\",\"itemListElement\":[{\"@type\":\"ListItem\",\"position\":1,\"name\":\"Portada\",\"item\":\"https:\\\/\\\/demodafuerteventura.es\\\/\"},{\"@type\":\"ListItem\",\"position\":2,\"name\":\"Terminos de uso\"}]},{\"@type\":\"WebSite\",\"@id\":\"https:\\\/\\\/demodafuerteventura.es\\\/#website\",\"url\":\"https:\\\/\\\/demodafuerteventura.es\\\/\",\"name\":\"De Moda Fuerteventura\",\"description\":\"Tienda de moda local en Fuerteventura\",\"potentialAction\":[{\"@type\":\"SearchAction\",\"target\":{\"@type\":\"EntryPoint\",\"urlTemplate\":\"https:\\\/\\\/demodafuerteventura.es\\\/?s={search_term_string}\"},\"query-input\":{\"@type\":\"PropertyValueSpecification\",\"valueRequired\":true,\"valueName\":\"search_term_string\"}}],\"inLanguage\":\"es\"}]}<\/script>\n<!-- \/ Yoast SEO plugin. -->","yoast_head_json":{"title":"Terminos de uso - De Moda Fuerteventura","robots":{"index":"index","follow":"follow","max-snippet":"max-snippet:-1","max-image-preview":"max-image-preview:large","max-video-preview":"max-video-preview:-1"},"canonical":"https:\/\/demodafuerteventura.es\/index.php\/terminos-de-uso\/","og_locale":"es_ES","og_type":"article","og_title":"Terminos de uso - De Moda Fuerteventura","og_description":"T\u00e9rminos de usoDe Moda, como responsable del presente Sitio Web y de conformidad con lo dispuesto por la Ley Org\u00e1nica 15\/1999, de 13 de diciembre, de Protecci\u00f3n de Datos de Car\u00e1cter Personal (LOPD) y por la Ley 34\/2002, de 11 de julio, de Servicios de la Sociedad de la Informaci\u00f3n y de Comercio Electr\u00f3nico (LSSICE), [&hellip;]","og_url":"https:\/\/demodafuerteventura.es\/index.php\/terminos-de-uso\/","og_site_name":"De Moda Fuerteventura","article_modified_time":"2026-03-24T18:34:51+00:00","twitter_card":"summary_large_image","schema":{"@context":"https:\/\/schema.org","@graph":[{"@type":"WebPage","@id":"https:\/\/demodafuerteventura.es\/index.php\/terminos-de-uso\/","url":"https:\/\/demodafuerteventura.es\/index.php\/terminos-de-uso\/","name":"Terminos de uso - De Moda Fuerteventura","isPartOf":{"@id":"https:\/\/demodafuerteventura.es\/#website"},"datePublished":"2026-03-24T12:01:01+00:00","dateModified":"2026-03-24T18:34:51+00:00","breadcrumb":{"@id":"https:\/\/demodafuerteventura.es\/index.php\/terminos-de-uso\/#breadcrumb"},"inLanguage":"es","potentialAction":[{"@type":"ReadAction","target":["https:\/\/demodafuerteventura.es\/index.php\/terminos-de-uso\/"]}]},{"@type":"BreadcrumbList","@id":"https:\/\/demodafuerteventura.es\/index.php\/terminos-de-uso\/#breadcrumb","itemListElement":[{"@type":"ListItem","position":1,"name":"Portada","item":"https:\/\/demodafuerteventura.es\/"},{"@type":"ListItem","position":2,"name":"Terminos de uso"}]},{"@type":"WebSite","@id":"https:\/\/demodafuerteventura.es\/#website","url":"https:\/\/demodafuerteventura.es\/","name":"De Moda Fuerteventura","description":"Tienda de moda local en Fuerteventura","potentialAction":[{"@type":"SearchAction","target":{"@type":"EntryPoint","urlTemplate":"https:\/\/demodafuerteventura.es\/?s={search_term_string}"},"query-input":{"@type":"PropertyValueSpecification","valueRequired":true,"valueName":"search_term_string"}}],"inLanguage":"es"}]}},"_links":{"self":[{"href":"https:\/\/demodafuerteventura.es\/index.php\/wp-json\/wp\/v2\/pages\/205","targetHints":{"allow":["GET"]}}],"collection":[{"href":"https:\/\/demodafuerteventura.es\/index.php\/wp-json\/wp\/v2\/pages"}],"about":[{"href":"https:\/\/demodafuerteventura.es\/index.php\/wp-json\/wp\/v2\/types\/page"}],"author":[{"embeddable":true,"href":"https:\/\/demodafuerteventura.es\/index.php\/wp-json\/wp\/v2\/users\/1"}],"replies":[{"embeddable":true,"href":"https:\/\/demodafuerteventura.es\/index.php\/wp-json\/wp\/v2\/comments?post=205"}],"version-history":[{"count":3,"href":"https:\/\/demodafuerteventura.es\/index.php\/wp-json\/wp\/v2\/pages\/205\/revisions"}],"predecessor-version":[{"id":210,"href":"https:\/\/demodafuerteventura.es\/index.php\/wp-json\/wp\/v2\/pages\/205\/revisions\/210"}],"wp:attachment":[{"href":"https:\/\/demodafuerteventura.es\/index.php\/wp-json\/wp\/v2\/media?parent=205"}],"curies":[{"name":"wp","href":"https:\/\/api.w.org\/{rel}","templated":true}]}}